{"id":874,"date":"2023-07-05T14:06:32","date_gmt":"2023-07-05T17:06:32","guid":{"rendered":"https:\/\/memoriadelasvictorias.com\/?page_id=874"},"modified":"2023-07-25T16:52:56","modified_gmt":"2023-07-25T19:52:56","slug":"la-comunidad-de-entonces","status":"publish","type":"page","link":"https:\/\/memoriadelasvictorias.com\/index.php\/indice\/la-comunidad-desaparecida\/la-comunidad-de-entonces\/","title":{"rendered":"La comunidad de entonces"},"content":{"rendered":"\t\t<div data-elementor-type=\"wp-page\" data-elementor-id=\"874\" class=\"elementor elementor-874\">\n\t\t\t\t\t\t<section class=\"elementor-section elementor-top-section elementor-element elementor-element-b9bdd11 elementor-section-boxed elementor-section-height-default elementor-section-height-default\" data-id=\"b9bdd11\" data-element_type=\"section\" data-e-type=\"section\">\n\t\t\t\t\t\t<div class=\"elementor-container elementor-column-gap-default\">\n\t\t\t\t\t<div class=\"elementor-column elementor-col-100 elementor-top-column elementor-element elementor-element-f497126\" data-id=\"f497126\" data-element_type=\"column\" data-e-type=\"column\">\n\t\t\t<div class=\"elementor-widget-wrap elementor-element-populated\">\n\t\t\t\t\t\t<div class=\"elementor-element elementor-element-18cd30a elementor-widget elementor-widget-heading\" data-id=\"18cd30a\" data-element_type=\"widget\" data-e-type=\"widget\" data-widget_type=\"heading.default\">\n\t\t\t\t<div class=\"elementor-widget-container\">\n\t\t\t\t\t<h2 class=\"elementor-heading-title elementor-size-default\">La comunidad de entonces<\/h2>\t\t\t\t<\/div>\n\t\t\t\t<\/div>\n\t\t\t\t<div class=\"elementor-element elementor-element-06a7e3c elementor-widget elementor-widget-heading\" data-id=\"06a7e3c\" data-element_type=\"widget\" data-e-type=\"widget\" data-widget_type=\"heading.default\">\n\t\t\t\t<div class=\"elementor-widget-container\">\n\t\t\t\t\t<h3 class=\"elementor-heading-title elementor-size-default\">Nacida durante una dictadura<\/h3>\t\t\t\t<\/div>\n\t\t\t\t<\/div>\n\t\t\t\t<section class=\"elementor-section elementor-inner-section elementor-element elementor-element-bf9b40a elementor-section-boxed elementor-section-height-default elementor-section-height-default\" data-id=\"bf9b40a\" data-element_type=\"section\" data-e-type=\"section\">\n\t\t\t\t\t\t<div class=\"elementor-container elementor-column-gap-default\">\n\t\t\t\t\t<div class=\"elementor-column elementor-col-100 elementor-inner-column elementor-element elementor-element-e68a288\" data-id=\"e68a288\" data-element_type=\"column\" data-e-type=\"column\" data-settings=\"{&quot;background_background&quot;:&quot;classic&quot;}\">\n\t\t\t<div class=\"elementor-widget-wrap elementor-element-populated\">\n\t\t\t\t\t\t<div class=\"elementor-element elementor-element-a57dae2 elementor-widget elementor-widget-video\" data-id=\"a57dae2\" data-element_type=\"widget\" data-e-type=\"widget\" data-settings=\"{&quot;youtube_url&quot;:&quot;https:\\\/\\\/www.youtube.com\\\/watch?v=Gm7mJ-pyAOI&quot;,&quot;video_type&quot;:&quot;youtube&quot;,&quot;controls&quot;:&quot;yes&quot;}\" data-widget_type=\"video.default\">\n\t\t\t\t<div class=\"elementor-widget-container\">\n\t\t\t\t\t\t\t<div class=\"elementor-wrapper elementor-open-inline\">\n\t\t\t<div class=\"elementor-video\"><\/div>\t\t<\/div>\n\t\t\t\t\t\t<\/div>\n\t\t\t\t<\/div>\n\t\t\t\t\t<\/div>\n\t\t<\/div>\n\t\t\t\t\t<\/div>\n\t\t<\/section>\n\t\t\t\t<div class=\"elementor-element elementor-element-f8f9000 elementor-widget elementor-widget-heading\" data-id=\"f8f9000\" data-element_type=\"widget\" data-e-type=\"widget\" data-widget_type=\"heading.default\">\n\t\t\t\t<div class=\"elementor-widget-container\">\n\t\t\t\t\t<h3 class=\"elementor-heading-title elementor-size-default\">Viva en la recuperaci\u00f3n democr\u00e1tica<\/h3>\t\t\t\t<\/div>\n\t\t\t\t<\/div>\n\t\t\t\t<div class=\"elementor-element elementor-element-e0df16b elementor-widget elementor-widget-heading\" data-id=\"e0df16b\" data-element_type=\"widget\" data-e-type=\"widget\" data-widget_type=\"heading.default\">\n\t\t\t\t<div class=\"elementor-widget-container\">\n\t\t\t\t\t<p class=\"elementor-heading-title elementor-size-default\">Un miembro de nuestra comunidad se ofrece como mediador ante la toma de la C\u00e1rcel de Olmos.<\/p>\t\t\t\t<\/div>\n\t\t\t\t<\/div>\n\t\t\t\t<section class=\"elementor-section elementor-inner-section elementor-element elementor-element-f68dfc6 elementor-section-boxed elementor-section-height-default elementor-section-height-default\" data-id=\"f68dfc6\" data-element_type=\"section\" data-e-type=\"section\">\n\t\t\t\t\t\t<div class=\"elementor-container elementor-column-gap-default\">\n\t\t\t\t\t<div class=\"elementor-column elementor-col-50 elementor-inner-column elementor-element elementor-element-c6361e0\" data-id=\"c6361e0\" data-element_type=\"column\" data-e-type=\"column\">\n\t\t\t<div class=\"elementor-widget-wrap elementor-element-populated\">\n\t\t\t\t\t\t<div class=\"elementor-element elementor-element-d36b238 elementor-widget elementor-widget-image\" data-id=\"d36b238\" data-element_type=\"widget\" data-e-type=\"widget\" data-widget_type=\"image.default\">\n\t\t\t\t<div class=\"elementor-widget-container\">\n\t\t\t\t\t\t\t\t\t\t\t\t\t\t\t<img fetchpriority=\"high\" decoding=\"async\" width=\"744\" height=\"799\" src=\"https:\/\/memoriadelasvictorias.com\/wp-content\/uploads\/2023\/07\/diario-el-dia-1.jpg\" class=\"attachment-large size-large wp-image-912\" alt=\"\" srcset=\"https:\/\/memoriadelasvictorias.com\/wp-content\/uploads\/2023\/07\/diario-el-dia-1.jpg 744w, https:\/\/memoriadelasvictorias.com\/wp-content\/uploads\/2023\/07\/diario-el-dia-1-279x300.jpg 279w\" sizes=\"(max-width: 744px) 100vw, 744px\" \/>\t\t\t\t\t\t\t\t\t\t\t\t\t\t\t<\/div>\n\t\t\t\t<\/div>\n\t\t\t\t\t<\/div>\n\t\t<\/div>\n\t\t\t\t<div class=\"elementor-column elementor-col-50 elementor-inner-column elementor-element elementor-element-acb1b60\" data-id=\"acb1b60\" data-element_type=\"column\" data-e-type=\"column\">\n\t\t\t<div class=\"elementor-widget-wrap elementor-element-populated\">\n\t\t\t\t\t\t<div class=\"elementor-element elementor-element-ca66c2e elementor-widget elementor-widget-image\" data-id=\"ca66c2e\" data-element_type=\"widget\" data-e-type=\"widget\" data-widget_type=\"image.default\">\n\t\t\t\t<div class=\"elementor-widget-container\">\n\t\t\t\t\t\t\t\t\t\t\t\t\t\t\t<img decoding=\"async\" width=\"804\" height=\"804\" src=\"https:\/\/memoriadelasvictorias.com\/wp-content\/uploads\/2023\/07\/diario-el-dia-2.jpg\" class=\"attachment-large size-large wp-image-913\" alt=\"\" srcset=\"https:\/\/memoriadelasvictorias.com\/wp-content\/uploads\/2023\/07\/diario-el-dia-2.jpg 804w, https:\/\/memoriadelasvictorias.com\/wp-content\/uploads\/2023\/07\/diario-el-dia-2-300x300.jpg 300w, https:\/\/memoriadelasvictorias.com\/wp-content\/uploads\/2023\/07\/diario-el-dia-2-150x150.jpg 150w, https:\/\/memoriadelasvictorias.com\/wp-content\/uploads\/2023\/07\/diario-el-dia-2-768x768.jpg 768w, https:\/\/memoriadelasvictorias.com\/wp-content\/uploads\/2023\/07\/diario-el-dia-2-650x650.jpg 650w\" sizes=\"(max-width: 804px) 100vw, 804px\" \/>\t\t\t\t\t\t\t\t\t\t\t\t\t\t\t<\/div>\n\t\t\t\t<\/div>\n\t\t\t\t\t<\/div>\n\t\t<\/div>\n\t\t\t\t\t<\/div>\n\t\t<\/section>\n\t\t\t\t<div class=\"elementor-element elementor-element-0035e32 elementor-widget elementor-widget-heading\" data-id=\"0035e32\" data-element_type=\"widget\" data-e-type=\"widget\" data-widget_type=\"heading.default\">\n\t\t\t\t<div class=\"elementor-widget-container\">\n\t\t\t\t\t<h3 class=\"elementor-heading-title elementor-size-default\">Perseguida en la \u00faltima dictadura<\/h3>\t\t\t\t<\/div>\n\t\t\t\t<\/div>\n\t\t\t\t<div class=\"elementor-element elementor-element-eb44dee elementor-widget elementor-widget-heading\" data-id=\"eb44dee\" data-element_type=\"widget\" data-e-type=\"widget\" data-widget_type=\"heading.default\">\n\t\t\t\t<div class=\"elementor-widget-container\">\n\t\t\t\t\t<p class=\"elementor-heading-title elementor-size-default\">Numerosos integrantes de la comunidad son perseguidos, encarcelados u obligados a exiliarse. Por ello un activo y fiel participante de la Comunidad denuncia la situaci\u00f3n al Arzobispo Monse\u00f1or Antonio Plaza.<\/p>\t\t\t\t<\/div>\n\t\t\t\t<\/div>\n\t\t\t\t<section class=\"elementor-section elementor-inner-section elementor-element elementor-element-d4310dc elementor-section-boxed elementor-section-height-default elementor-section-height-default\" data-id=\"d4310dc\" data-element_type=\"section\" data-e-type=\"section\">\n\t\t\t\t\t\t<div class=\"elementor-container elementor-column-gap-default\">\n\t\t\t\t\t<div class=\"elementor-column elementor-col-33 elementor-inner-column elementor-element elementor-element-c5cbc1c\" data-id=\"c5cbc1c\" data-element_type=\"column\" data-e-type=\"column\">\n\t\t\t<div class=\"elementor-widget-wrap elementor-element-populated\">\n\t\t\t\t\t\t<div class=\"elementor-element elementor-element-fc74aaf elementor-widget elementor-widget-image\" data-id=\"fc74aaf\" data-element_type=\"widget\" data-e-type=\"widget\" data-widget_type=\"image.default\">\n\t\t\t\t<div class=\"elementor-widget-container\">\n\t\t\t\t\t\t\t\t\t\t\t\t<figure class=\"wp-caption\">\n\t\t\t\t\t\t\t\t\t\t<img decoding=\"async\" width=\"559\" height=\"542\" src=\"https:\/\/memoriadelasvictorias.com\/wp-content\/uploads\/2023\/07\/Claudio-Taladriz.jpg\" class=\"attachment-large size-large wp-image-918\" alt=\"\" srcset=\"https:\/\/memoriadelasvictorias.com\/wp-content\/uploads\/2023\/07\/Claudio-Taladriz.jpg 559w, https:\/\/memoriadelasvictorias.com\/wp-content\/uploads\/2023\/07\/Claudio-Taladriz-300x291.jpg 300w\" sizes=\"(max-width: 559px) 100vw, 559px\" \/>\t\t\t\t\t\t\t\t\t\t\t<figcaption class=\"widget-image-caption wp-caption-text\">Claudio Taladriz<\/figcaption>\n\t\t\t\t\t\t\t\t\t\t<\/figure>\n\t\t\t\t\t\t\t\t\t<\/div>\n\t\t\t\t<\/div>\n\t\t\t\t\t<\/div>\n\t\t<\/div>\n\t\t\t\t<div class=\"elementor-column elementor-col-66 elementor-inner-column elementor-element elementor-element-a829918\" data-id=\"a829918\" data-element_type=\"column\" data-e-type=\"column\">\n\t\t\t<div class=\"elementor-widget-wrap elementor-element-populated\">\n\t\t\t\t\t\t<div class=\"elementor-element elementor-element-8be180c elementor-widget elementor-widget-text-editor\" data-id=\"8be180c\" data-element_type=\"widget\" data-e-type=\"widget\" data-widget_type=\"text-editor.default\">\n\t\t\t\t<div class=\"elementor-widget-container\">\n\t\t\t\t\t\t\t\t\t<p style=\"text-align: right;\"><span style=\"font-weight: 400;\">La Plata, 25 de febrero de 1977<\/span><\/p>\t\t\t\t\t\t\t\t<\/div>\n\t\t\t\t<\/div>\n\t\t\t\t<div class=\"elementor-element elementor-element-9e5cf4d elementor-widget elementor-widget-text-editor\" data-id=\"9e5cf4d\" data-element_type=\"widget\" data-e-type=\"widget\" data-widget_type=\"text-editor.default\">\n\t\t\t\t<div class=\"elementor-widget-container\">\n\t\t\t\t\t\t\t\t\t<p><span style=\"font-weight: 400;\">Al Excmo. Arzobispo de La Plata<br \/><\/span><span style=\"font-weight: 400;\">Monse\u00f1or Antonio Jos\u00e9 Plaza<br \/><\/span><span style=\"font-weight: 400;\">Curia Eclesi\u00e1stica<\/span><\/p><p><span style=\"font-weight: 400;\">Estimado hermano Obispo:<\/span><\/p><p><span style=\"font-weight: 400;\">Esta carta viene a plantearle un problema y, lamentablemente, no le trae ninguna soluci\u00f3n. Del resultado de su lectura, que espero tenga Ud. la paciencia de efectuarla, podr\u00eda venir tal vez una conversaci\u00f3n de hermano a hermano, en cuyo caso, si as\u00ed Ud. lo decidiera, no tiene m\u00e1s que fijar d\u00eda y hora, y avisarme a mi casa calle 57 -883, T.E. 2-8641.<\/span><\/p><p><span style=\"font-weight: 400;\">Tambi\u00e9n le adelanto que s\u00f3lo quedar\u00eda yo con una gran pena, si en este momento y en base a este pr\u00f3logo, tal vez poco frecuente para Ud., esta carta no tuviera m\u00e1s destino que el canasto de los desperdicios.<\/span><\/p><p><span style=\"font-weight: 400;\">Frente a Dios, yo igual hubiera cumplido con mi conciencia, ya que es esta conciencia, la de cristiano que trata de caminar junto a Cristo, la que me incita a escribirle.<\/span><\/p><p><span style=\"font-weight: 400;\">Antes que nada me presentar\u00e9: mi nombre es Claudio Salvador Taladriz, 48 a\u00f1os, casado, siete hijos, ingeniero. Mi apellido le resulta conocido por ser hermano de la monja Carmelita Matilde de Cristo Rey, a quien Ud. conoce. Mi actuaci\u00f3n p\u00fablica cat\u00f3lica se realiz\u00f3 siempre dentro de la A.C.A., parroquial al principio y universitaria despu\u00e9s, M.F.C., diversas parroquias. Fui dirigente a nivel diocesano en La Pampa y posteriormente en La Plata. Como referencias personales puede Ud. acudir muy cerca suyo, ya que frecuent\u00e9 y soy verdadero amigo de los Padres Ruta y Lodigiani. He actuado hasta hace 5 a\u00f1os en la parroquia Ntra Sra de Guadalupe, con el Padre Francisco y el Padre Jorge. Mis \u00faltimos a\u00f1os de actividad religiosa fueron en la parroquia Ntra Sra de la Victoria, en donde se lleg\u00f3 a establecer los principios de una verdadera comunidad cristiana, en comuni\u00f3n con el animador y aut\u00e9ntico pastor, el p\u00e1rroco Juan Bengochea. En ese tiempo, las dos veces que Ud. fue a la pquia. La Victoria a rezar la misa, lo llev\u00e9 yo en mi coche, con lo cual, tal vez as\u00ed termina de ubicarme.<\/span><\/p><p><span style=\"font-weight: 400;\">Y es con respecto a la pquia. La Victoria que debo hablarle.<\/span><\/p><p><span style=\"font-weight: 400;\">Pues del contacto habitual con el actual p\u00e1rroco Ud. tendr\u00e1 conocimiento directo de c\u00f3mo est\u00e1n all\u00ed sucediendo las cosas y yo me temo que sea una visi\u00f3n parcial la que le informen a Ud. y que necesite entonces el punto de vista del laicado, que forj\u00f3 la comunidad, la vivi\u00f3 intensamente en el marco del Evangelio de Cristo y que ahora, en estos momentos, contempla con desaz\u00f3n y desconcierto todas las obras realizadas totalmente deshechas y el esp\u00edritu de uni\u00f3n y fraternidad familiar completamente ahuyentados.<\/span><\/p><p><span style=\"font-style: inherit; background-color: var(--ast-global-color-5);\">A fines del a\u00f1o 1975, al irse el P. Bengochea, ten\u00edamos en la parroquia un movimiento de chicos y chicas, entre los 8 y los 18 a\u00f1os, de cerca de 250 en total, que fu\u00e9 un ejemplo entre las parroquias de La Plata. Se hab\u00eda constitu\u00eddo a trav\u00e9s de los Scouts Cat\u00f3licos Argentinos y las Gu\u00edas Argentinas. Pero quien le dio la coherencia, el esp\u00edritu de servicio evang\u00e9lico, la alegr\u00eda de sentirse hermanos, la actitud responsable y veraz, fue, sin duda, el Padre Bengochea.\u00a0<\/span><\/p><p><span style=\"font-weight: 400;\">Simult\u00e1neamente se form\u00f3 un vigoroso movimiento de padres y madres, que madurando en sucesivos encuentros, reuniones, etc, termin\u00f3 constituyendo siete grupos de matrimonios, que denomin\u00e1bamos \u201cPastoral Familiar\u201d y en los cuales participaron unas 60 familias de La Plata. A nuestras reuniones, de los siete grupos, asist\u00edan, o bien el P. Bengochea o el P. Capitanio. Se hicieron campamentos y retiros espirituales modelos, con participaci\u00f3n ya sea de los chicos solos, los padres solos o las familias completas. Sent\u00edamos, en nuestros encuentros, la comuni\u00f3n con Cristo a trav\u00e9s del esp\u00edritu de acogimiento y servicio que hab\u00eda entre todos.\u00a0<\/span><\/p><p><span style=\"font-weight: 400;\">Hab\u00eda en la parroquia reuniones de reflexi\u00f3n y de oraci\u00f3n comunitaria por diversos motivos, entre ellos, las vocaciones religiosas, grupos de pastoral lit\u00fargica, que preparaban las celebraciones de la Palabra y de la Eucarist\u00eda. Los lectores y lectoras en las misas, se reun\u00edan el d\u00eda antes para reflexionar en torno de la Palabra, y poder as\u00ed comunicarla a los hermanos en misa; grupos de Pastoral Pre-bautismal, de Catequesis, de padres de chicos de Primera Comuni\u00f3n, de apostolado de la prensa por medio de la revista \u201cPascua\u201d; un grupo Misionero que durante el a\u00f1o preparaba la Misi\u00f3n en Paim\u00fan (Neuqu\u00e9n), el grupo de la revista \u201cSedipla\u201d, con noticias de la vida de la Iglesia en Latinoam\u00e9rica, bajo el esp\u00edritu de Medell\u00edn. Ten\u00edamos verdaderos \u00e1gapes cristianos en las fiestas de Navidad, Cuaresma, Pascua y Pentecost\u00e9s, a donde concurr\u00edan familias enteras a unirse en torno al altar, transformado en centro de la alegr\u00eda familiar. Una vez al mes se realizaba la reuni\u00f3n general de \u201clas Pastorales\u201d, en donde todos juntos, sacerdotes y laicos, opin\u00e1bamos, suger\u00edamos y decid\u00edamos sobre la marcha general de la comunidad y en donde siempre se tuvo la palabra de Paz, Justicia y Amor en labios del Padre Bengochea.<\/span><\/p><p><span style=\"font-weight: 400;\">Ten\u00edamos la convicci\u00f3n de que hab\u00edamos empezado a transitar un camino similar al que abrieron nuestros hermanos los primeros cristianos en Jerusal\u00e9n: <\/span><b>est\u00e1bamos construyendo la Iglesia pobre, pascual y peregrina que se forj\u00f3 alrededor del Se\u00f1or Encarnado.<\/b><span style=\"font-weight: 400;\">\u00a0\u00a0<\/span><\/p><p><b>De todo esto \u2013 y \u00e9sta es la triste noticia de esta carta \u2013 no qued\u00f3 nada en la parroquia<\/b><span style=\"font-weight: 400;\">.\u00a0<\/span><\/p><p><span style=\"font-weight: 400;\">En menos de un a\u00f1o, poco a poco, punto por punto, fue desapareciendo la comunidad, se fue apagando el esp\u00edritu de amor entre los hermanos, dejaron de efectuarse las obras, las reuniones, las actividades de grandes y de chicos. A esta altura ya son pocos los que aparecen por la parroquia, y las familias, cuyo encuentro cotidiano era en la Parroquia, han quedado diseminadas, sin uni\u00f3n, sin ideales comunes y en franco tren de lamentaci\u00f3n. Las medidas de cierre, clausura y supresi\u00f3n y ciertas actitudes del nuevo p\u00e1rroco ocasionaron el deterioro total de lo constru\u00eddo con amor, esfuerzo y dedicaci\u00f3n de todos y de cada uno de los hermanos all\u00ed convocados.<\/span><\/p><p><span style=\"font-style: inherit; background-color: var(--ast-global-color-5);\">\u00bfPuede un sacerdote de Cristo destruir una comunidad por puro autoritarismo? \u00bfEs esa la manera cristiana de asumir una parroquia en marcha, sin la m\u00e1s m\u00ednima intenci\u00f3n de dialogar con los miembros de la comunidad ya formada?<\/span><\/p><p><span style=\"font-weight: 400;\">Le hemos preguntado al se\u00f1or cura p\u00e1rroco nuevo que nos explicara en qu\u00e9 cosa est\u00e1bamos fuera del Evangelio de Cristo para que frenara as\u00ed, sin consulta, sin interrogantes, todas las actividades all\u00ed realizadas. No hubo respuesta: pareciera que la destrucci\u00f3n de lo existente era una consigna, una especie de plan preconcebido para aplicar sin r\u00e9plica.<\/span><\/p><p><span style=\"font-weight: 400;\">Y lamentablemente, se lleg\u00f3 al extremo inaudito de insinuar, cuando no difundir, la m\u00e1s atroz e infame de las calumnias, levantada por vaya a saber qu\u00e9 es\u00edritu o esp\u00edritus empeque\u00f1ecidos o hip\u00f3critas: que el Padre Bengochea y su colaborador Capitanio eran subversivos para el pa\u00eds!<\/span><\/p><p><span style=\"font-weight: 400;\">Cosa grav\u00edsima, m\u00e1xime teniendo en cuenta que sale de mal entra\u00f1ados cat\u00f3licos y que ensucia, en su miserable expansi\u00f3n, a nuestros hijos e hijas, modelados por la pr\u00e9dica de aquellos excelentes sacerdotes.<\/span><\/p><p><span style=\"font-weight: 400;\">A m\u00ed personalmente, en entrevista que tuve con el nuevo cura p\u00e1rroco, tratando de aclarar lo inaclarable, me respondi\u00f3, enf\u00e1ticamente, que \u201cdonde se siembran vientos, se recogen tempestades\u201d.<\/span><\/p><p><span style=\"font-weight: 400;\">\u00bfAs\u00ed se construye la Iglesia de Cristo?\u00a0<\/span><\/p><p><span style=\"font-weight: 400;\">Despu\u00e9s de 40 a\u00f1os de actuar en el catolicismo, vengo a encontrarme con esta situaci\u00f3n insensata, jam\u00e1s pensada ni so\u00f1ada. Yo no lo puedo comprender y mi conciencia me obliga a repudiarla. Tampoco puedo, ni debo, publicarla, pero s\u00ed estoy obligado a hac\u00e9rsela conocer a mi pastor, el Obispo, puesto por Dios para ser nuestro gu\u00eda y a quien compete, en este mundo, arreglar nuestros desencuentros y desaciertos en lo que ata\u00f1e a nuestra actuaci\u00f3n dentro de la Iglesia de Cristo.<\/span><\/p><p><span style=\"font-weight: 400;\">No puedo distraer m\u00e1s su atenci\u00f3n: s\u00e9 que Ud. interpretar\u00e1 como un acto de honestidad, es decir, obligado en conciencia, esta presentaci\u00f3n somera que le hago de lo sucedido en la pquia. De la Victoria.<\/span><\/p><p><span style=\"font-weight: 400;\">Nuestros hijos se est\u00e1n preguntando d\u00f3nde continuar su formaci\u00f3n religiosa y d\u00f3nde retomar la Palabra y la Eucarist\u00eda; nosotros, los padres, tambi\u00e9n nos hacemos preguntas similares.<\/span><\/p><p><b>\u00bfPuede el Cristianismo ser reemplazado tan impunemente por el Farise\u00edsmo?<\/b><\/p><p><span style=\"font-weight: 400;\">Ruego disculpe algunos t\u00e9rminos duros que he usado al correr de la pluma: son propios de un estado de \u00e1nimo desconcertado, por no decir descre\u00eddo.<\/span><\/p><p><span style=\"font-weight: 400;\">Reciba Ud. mi afecto en Cristo Jes\u00fas, junto con mis oraciones. Quedo a su disposici\u00f3n y a su servicio, conciente de la responsabilidad que asumo al escribir esta carta.<\/span><\/p>\t\t\t\t\t\t\t\t<\/div>\n\t\t\t\t<\/div>\n\t\t\t\t<div class=\"elementor-element elementor-element-87ea5af elementor-widget elementor-widget-text-editor\" data-id=\"87ea5af\" data-element_type=\"widget\" data-e-type=\"widget\" data-widget_type=\"text-editor.default\">\n\t\t\t\t<div class=\"elementor-widget-container\">\n\t\t\t\t\t\t\t\t\t<p style=\"text-align: right;\"><strong>Claudio Salvador Taladriz<\/strong><\/p>\t\t\t\t\t\t\t\t<\/div>\n\t\t\t\t<\/div>\n\t\t\t\t\t<\/div>\n\t\t<\/div>\n\t\t\t\t\t<\/div>\n\t\t<\/section>\n\t\t\t\t\t<\/div>\n\t\t<\/div>\n\t\t\t\t\t<\/div>\n\t\t<\/section>\n\t\t\t\t<\/div>\n\t\t","protected":false},"excerpt":{"rendered":"<p>La comunidad de entonces Nacida durante una dictadura Viva en la recuperaci\u00f3n democr\u00e1tica Un miembro de nuestra comunidad se ofrece como mediador ante la toma de la C\u00e1rcel de Olmos. Perseguida en la \u00faltima dictadura Numerosos integrantes de la comunidad son perseguidos, encarcelados u obligados a exiliarse. Por ello un activo y fiel participante de [&hellip;]<\/p>\n","protected":false},"author":1,"featured_media":0,"parent":136,"menu_order":0,"comment_status":"closed","ping_status":"closed","template":"","meta":{"site-sidebar-layout":"no-sidebar","site-content-layout":"page-builder","ast-site-content-layout":"default","site-content-style":"default","site-sidebar-style":"default","ast-global-header-display":"","ast-banner-title-visibility":"","ast-main-header-display":"","ast-hfb-above-header-display":"","ast-hfb-below-header-display":"","ast-hfb-mobile-header-display":"","site-post-title":"disabled","ast-breadcrumbs-content":"","ast-featured-img":"disabled","footer-sml-layout":"","ast-disable-related-posts":"","theme-transparent-header-meta":"","adv-header-id-meta":"","stick-header-meta":"","header-above-stick-meta":"","header-main-stick-meta":"","header-below-stick-meta":"","astra-migrate-meta-layouts":"default","ast-page-background-enabled":"default","ast-page-background-meta":{"desktop":{"background-color":"var(--ast-global-color-4)","background-image":"","background-repeat":"repeat","background-position":"center center","background-size":"auto","background-attachment":"scroll","background-type":"","background-media":"","overlay-type":"","overlay-color":"","overlay-opacity":"","overlay-gradient":""},"tablet":{"background-color":"","background-image":"","background-repeat":"repeat","background-position":"center center","background-size":"auto","background-attachment":"scroll","background-type":"","background-media":"","overlay-type":"","overlay-color":"","overlay-opacity":"","overlay-gradient":""},"mobile":{"background-color":"","background-image":"","background-repeat":"repeat","background-position":"center center","background-size":"auto","background-attachment":"scroll","background-type":"","background-media":"","overlay-type":"","overlay-color":"","overlay-opacity":"","overlay-gradient":""}},"ast-content-background-meta":{"desktop":{"background-color":"var(--ast-global-color-5)","background-image":"","background-repeat":"repeat","background-position":"center center","background-size":"auto","background-attachment":"scroll","background-type":"","background-media":"","overlay-type":"","overlay-color":"","overlay-opacity":"","overlay-gradient":""},"tablet":{"background-color":"var(--ast-global-color-5)","background-image":"","background-repeat":"repeat","background-position":"center center","background-size":"auto","background-attachment":"scroll","background-type":"","background-media":"","overlay-type":"","overlay-color":"","overlay-opacity":"","overlay-gradient":""},"mobile":{"background-color":"var(--ast-global-color-5)","background-image":"","background-repeat":"repeat","background-position":"center center","background-size":"auto","background-attachment":"scroll","background-type":"","background-media":"","overlay-type":"","overlay-color":"","overlay-opacity":"","overlay-gradient":""}},"footnotes":""},"class_list":["post-874","page","type-page","status-publish","hentry"],"_links":{"self":[{"href":"https:\/\/memoriadelasvictorias.com\/index.php\/wp-json\/wp\/v2\/pages\/874","targetHints":{"allow":["GET"]}}],"collection":[{"href":"https:\/\/memoriadelasvictorias.com\/index.php\/wp-json\/wp\/v2\/pages"}],"about":[{"href":"https:\/\/memoriadelasvictorias.com\/index.php\/wp-json\/wp\/v2\/types\/page"}],"author":[{"embeddable":true,"href":"https:\/\/memoriadelasvictorias.com\/index.php\/wp-json\/wp\/v2\/users\/1"}],"replies":[{"embeddable":true,"href":"https:\/\/memoriadelasvictorias.com\/index.php\/wp-json\/wp\/v2\/comments?post=874"}],"version-history":[{"count":58,"href":"https:\/\/memoriadelasvictorias.com\/index.php\/wp-json\/wp\/v2\/pages\/874\/revisions"}],"predecessor-version":[{"id":1640,"href":"https:\/\/memoriadelasvictorias.com\/index.php\/wp-json\/wp\/v2\/pages\/874\/revisions\/1640"}],"up":[{"embeddable":true,"href":"https:\/\/memoriadelasvictorias.com\/index.php\/wp-json\/wp\/v2\/pages\/136"}],"wp:attachment":[{"href":"https:\/\/memoriadelasvictorias.com\/index.php\/wp-json\/wp\/v2\/media?parent=874"}],"curies":[{"name":"wp","href":"https:\/\/api.w.org\/{rel}","templated":true}]}}