{"id":368,"date":"2023-06-19T21:57:43","date_gmt":"2023-06-20T00:57:43","guid":{"rendered":"https:\/\/memoriadelasvictorias.com\/?page_id=368"},"modified":"2023-07-07T20:36:18","modified_gmt":"2023-07-07T23:36:18","slug":"elisa","status":"publish","type":"page","link":"https:\/\/memoriadelasvictorias.com\/index.php\/indice\/nuestrxs-desaparecidxs\/elisa\/","title":{"rendered":"Elisa"},"content":{"rendered":"\t\t<div data-elementor-type=\"wp-page\" data-elementor-id=\"368\" class=\"elementor elementor-368\">\n\t\t\t\t\t\t<section class=\"elementor-section elementor-top-section elementor-element elementor-element-9eb8d5f elementor-section-boxed elementor-section-height-default elementor-section-height-default\" data-id=\"9eb8d5f\" data-element_type=\"section\" data-e-type=\"section\">\n\t\t\t\t\t\t<div class=\"elementor-container elementor-column-gap-default\">\n\t\t\t\t\t<div class=\"elementor-column elementor-col-100 elementor-top-column elementor-element elementor-element-e6180f7\" data-id=\"e6180f7\" data-element_type=\"column\" data-e-type=\"column\">\n\t\t\t<div class=\"elementor-widget-wrap elementor-element-populated\">\n\t\t\t\t\t\t<div class=\"elementor-element elementor-element-33662a9 elementor-widget elementor-widget-heading\" data-id=\"33662a9\" data-element_type=\"widget\" data-e-type=\"widget\" data-widget_type=\"heading.default\">\n\t\t\t\t<div class=\"elementor-widget-container\">\n\t\t\t\t\t<h2 class=\"elementor-heading-title elementor-size-default\">\nElisa Noemi Triana de Salas<\/h2>\t\t\t\t<\/div>\n\t\t\t\t<\/div>\n\t\t\t\t<section class=\"elementor-section elementor-inner-section elementor-element elementor-element-f97c0b7 elementor-section-boxed elementor-section-height-default elementor-section-height-default\" data-id=\"f97c0b7\" data-element_type=\"section\" data-e-type=\"section\">\n\t\t\t\t\t\t<div class=\"elementor-container elementor-column-gap-default\">\n\t\t\t\t\t<div class=\"elementor-column elementor-col-100 elementor-inner-column elementor-element elementor-element-fac3806\" data-id=\"fac3806\" data-element_type=\"column\" data-e-type=\"column\">\n\t\t\t<div class=\"elementor-widget-wrap elementor-element-populated\">\n\t\t\t\t\t\t<div class=\"elementor-element elementor-element-cb1ab79 elementor-arrows-position-inside elementor-pagination-position-outside elementor-widget elementor-widget-image-carousel\" data-id=\"cb1ab79\" data-element_type=\"widget\" data-e-type=\"widget\" data-settings=\"{&quot;slides_to_show&quot;:&quot;2&quot;,&quot;autoplay&quot;:&quot;no&quot;,&quot;navigation&quot;:&quot;both&quot;,&quot;infinite&quot;:&quot;yes&quot;,&quot;speed&quot;:500,&quot;image_spacing_custom&quot;:{&quot;unit&quot;:&quot;px&quot;,&quot;size&quot;:20,&quot;sizes&quot;:[]},&quot;image_spacing_custom_tablet&quot;:{&quot;unit&quot;:&quot;px&quot;,&quot;size&quot;:&quot;&quot;,&quot;sizes&quot;:[]},&quot;image_spacing_custom_mobile&quot;:{&quot;unit&quot;:&quot;px&quot;,&quot;size&quot;:&quot;&quot;,&quot;sizes&quot;:[]}}\" data-widget_type=\"image-carousel.default\">\n\t\t\t\t<div class=\"elementor-widget-container\">\n\t\t\t\t\t\t\t<div class=\"elementor-image-carousel-wrapper swiper\" role=\"region\" aria-roledescription=\"carousel\" aria-label=\"Carrusel de im\u00e1genes\" dir=\"ltr\">\n\t\t\t<div class=\"elementor-image-carousel swiper-wrapper\" aria-live=\"polite\">\n\t\t\t\t\t\t\t\t<div class=\"swiper-slide\" role=\"group\" aria-roledescription=\"slide\" aria-label=\"1 of 4\"><figure class=\"swiper-slide-inner\"><img decoding=\"async\" class=\"swiper-slide-image\" src=\"https:\/\/memoriadelasvictorias.com\/wp-content\/uploads\/2023\/07\/elisa1.jpg\" alt=\"elisa1\" \/><\/figure><\/div><div class=\"swiper-slide\" role=\"group\" aria-roledescription=\"slide\" aria-label=\"2 of 4\"><figure class=\"swiper-slide-inner\"><img decoding=\"async\" class=\"swiper-slide-image\" src=\"https:\/\/memoriadelasvictorias.com\/wp-content\/uploads\/2023\/07\/elisa3.jpg\" alt=\"elisa3\" \/><\/figure><\/div><div class=\"swiper-slide\" role=\"group\" aria-roledescription=\"slide\" aria-label=\"3 of 4\"><figure class=\"swiper-slide-inner\"><img decoding=\"async\" class=\"swiper-slide-image\" src=\"https:\/\/memoriadelasvictorias.com\/wp-content\/uploads\/2023\/06\/elisa2.jpg\" alt=\"elisa2\" \/><\/figure><\/div><div class=\"swiper-slide\" role=\"group\" aria-roledescription=\"slide\" aria-label=\"4 of 4\"><figure class=\"swiper-slide-inner\"><img decoding=\"async\" class=\"swiper-slide-image\" src=\"https:\/\/memoriadelasvictorias.com\/wp-content\/uploads\/2023\/07\/elisa4.jpg\" alt=\"elisa4\" \/><\/figure><\/div>\t\t\t<\/div>\n\t\t\t\t\t\t\t\t\t\t\t\t<div class=\"elementor-swiper-button elementor-swiper-button-prev\" role=\"button\" tabindex=\"0\">\n\t\t\t\t\t\t<i aria-hidden=\"true\" class=\"eicon-chevron-left\"><\/i>\t\t\t\t\t<\/div>\n\t\t\t\t\t<div class=\"elementor-swiper-button elementor-swiper-button-next\" role=\"button\" tabindex=\"0\">\n\t\t\t\t\t\t<i aria-hidden=\"true\" class=\"eicon-chevron-right\"><\/i>\t\t\t\t\t<\/div>\n\t\t\t\t\n\t\t\t\t\t\t\t\t\t<div class=\"swiper-pagination\"><\/div>\n\t\t\t\t\t\t\t\t\t<\/div>\n\t\t\t\t\t\t<\/div>\n\t\t\t\t<\/div>\n\t\t\t\t\t<\/div>\n\t\t<\/div>\n\t\t\t\t\t<\/div>\n\t\t<\/section>\n\t\t\t\t<section class=\"elementor-section elementor-inner-section elementor-element elementor-element-d93694e fondo-color1 elementor-section-boxed elementor-section-height-default elementor-section-height-default\" data-id=\"d93694e\" data-element_type=\"section\" data-e-type=\"section\">\n\t\t\t\t\t\t<div class=\"elementor-container elementor-column-gap-default\">\n\t\t\t\t\t<div class=\"elementor-column elementor-col-100 elementor-inner-column elementor-element elementor-element-3e160a9\" data-id=\"3e160a9\" data-element_type=\"column\" data-e-type=\"column\">\n\t\t\t<div class=\"elementor-widget-wrap elementor-element-populated\">\n\t\t\t\t\t\t<div class=\"elementor-element elementor-element-da30087 elementor-widget elementor-widget-heading\" data-id=\"da30087\" data-element_type=\"widget\" data-e-type=\"widget\" data-widget_type=\"heading.default\">\n\t\t\t\t<div class=\"elementor-widget-container\">\n\t\t\t\t\t<h3 class=\"elementor-heading-title elementor-size-default\">Me presento<\/h3>\t\t\t\t<\/div>\n\t\t\t\t<\/div>\n\t\t\t\t<div class=\"elementor-element elementor-element-0003c9c txt-2cols elementor-widget elementor-widget-text-editor\" data-id=\"0003c9c\" data-element_type=\"widget\" data-e-type=\"widget\" data-widget_type=\"text-editor.default\">\n\t\t\t\t<div class=\"elementor-widget-container\">\n\t\t\t\t\t\t\t\t\t<p><span style=\"font-weight: 400;\">Soy Elisa Noemi Triana, \u201cLa negra\u201d para quienes me conocen. Nac\u00ed el 30 de octubre de 1954, fui al Liceo, pero no termin\u00e9 ah\u00ed mis estudios secundarios, porque en los \u00faltimos a\u00f1os conoc\u00ed a Diego, mi amado compa\u00f1ero. Nos conocimos en la parroquia de Las Victorias, esa que despu\u00e9s fue conocida como \u201cLa Rosa M\u00edstica\u201d, mal llamada as\u00ed, pero quisieron borrarla de un plumazo. Ah\u00ed, entre guitarreadas y lecturas de la teolog\u00eda de la liberaci\u00f3n, nos fuimos enamorando.<\/span><\/p><p><span style=\"font-weight: 400;\">Con tan solo 18 a\u00f1os y con Facundo en mi vientre, mi primer hijo, dimos el s\u00ed en el mismo lugar que dio comienzo a nuestra militancia. El 11 de octubre del 73\u00b4en la parroquia de las Victorias camin\u00e9 junto a mi viejo al altar.\u00a0<\/span><\/p><p><span style=\"font-weight: 400;\">Los dos estudi\u00e1bamos medicina, en la Universidad de La Plata. Yo trabajaba en la Municipalidad de esa ciudad, en el \u00e1rea de sanidad y el Flaco trabajaba en el Hip\u00f3dromo de la Plata, al menos para la \u00e9poca que nos casamos.\u00a0<\/span><\/p><p><span style=\"font-weight: 400;\">Lleg\u00f3 el 76\u00b4el golpe de estado, a m\u00ed me encontr\u00f3 ya embarazada de mi segundo hijo, para ese momento no sab\u00eda que iba a ser. Ya viv\u00edamos en clandestinidad con Diego y Facu, no quer\u00edamos que nada nos pasara, ni a los hermanos y las hermanas del flaco. Para mediados de ese a\u00f1o ya hab\u00edamos vendido el departamento que, por intermedio de mi suegro Arturo, que trabajaba en el Banco Provincia, nos hab\u00eda ayudado a sacar un pr\u00e9stamo para comprarlo. Tambi\u00e9n vendimos el auto, parte de todo ese dinero lo usamos para ayudar a un compa\u00f1ero a pagar una cirug\u00eda para su hijo. Fue un a\u00f1o muy intenso, desaparecieron muchos compa\u00f1eros y compa\u00f1eras, se escuchaban de noche ruidos aterradores por toda la ciudad, pero nosotros est\u00e1bamos convencidos que ese era el \u00fanico camino, resistir.\u00a0<\/span><\/p><p><span style=\"font-weight: 400;\">En septiembre de ese a\u00f1o nace Paula, mi negrita, apurada lleg\u00f3, que no llegu\u00e9 a la sala de parto. Por suerte mi viejo, que era m\u00e9dico, cort\u00f3 el cord\u00f3n.\u00a0<\/span><\/p><p><span style=\"font-weight: 400;\">El 25 de octubre fuimos a cenar a lo de mis suegros y hab\u00eda una reuni\u00f3n por el aniversario de los abuelos Mariano y Magda, el pap\u00e1 y la se\u00f1ora de mi suegra Ana Mar\u00eda. Esa fue la \u00faltima vez que la familia nos vi\u00f3. Mi cu\u00f1ado Gerardo junto con mi cu\u00f1ada Claudia nos alcanzaron a los 4 hasta una esquina cercana a la casa donde viv\u00edamos, ya para ese entonces nos mud\u00e1bamos bastante, nadie sab\u00eda d\u00f3nde viv\u00edamos. La madrugada del 26 de octubre del 76 \u0301, entr\u00f3 una patota a la casa en 131 n\u00ba 1715 de La Plata y nos arrancaron la vida de nuestros hijos. Nos llevaron a Diego y a m\u00ed. A mis hijos, Facundo de 2 a\u00f1os y medio y Paula de un mes y 4 d\u00edas, los dejaron solos, los abandonaron a su suerte, todav\u00eda tengo grabada la carita de Facu y el llanto de mi negrita. Le dijeron a una vecina que los lleve a la comisar\u00eda m\u00e1s cercana, o que los lleve a casa cuna o que se los quede. Facundo desde muy chiquito le hab\u00edamos ense\u00f1ado a decir su nombre completo, Facundo Salas Triana, repiti\u00f3. Mi pap\u00e1 como les cont\u00e9 era m\u00e9dico, y las coincidencias, y la suerte del destino, hicieron que esa vecina fuera enfermera y conoc\u00eda al doctor Triana, y ella se involucr\u00f3, busco a mi pap\u00e1, y les llevo a mis amores.\u00a0<\/span><\/p><p><span style=\"font-weight: 400;\">A mam\u00e1 le cost\u00f3 mucho al principio. La noticia la afect\u00f3 mucho, enterarse que nos llevaron la destrozo yo era su \u00fanica hija, pero al tiempo se uni\u00f3 a las Madres, esas que dan vueltas en Plaza de Mayo pidiendo que digan d\u00f3nde estamos, se puso un pa\u00f1uelo blanco en tri\u00e1ngulo en la cabeza, bordado por una compa\u00f1era de la plaza y nunca se lo saco. A mis chiquitos los criaron la familia de mis suegros, ellos eran m\u00e1s para cuidar de mis dos reto\u00f1os. Elvira, mi vieja, nos busc\u00f3 incansablemente, pera nada se sab\u00eda. Tambi\u00e9n Arturo declar\u00f3 en instancias judiciales para saber si alguien sab\u00eda algo de nosotros dos, pero muri\u00f3, al igual que mi suegra Ana Mar\u00eda, sin tener alg\u00fan dato. Pap\u00e1 Adolfo lo consumi\u00f3 un c\u00e1ncer de garganta, \u00bfqu\u00e9 justo no? La angustia se lo llev\u00f3, fue unos a\u00f1os despu\u00e9s que nos llevaron.\u00a0<\/span><\/p><p><span style=\"font-weight: 400;\">Tuvieron que pasar 39 a\u00f1os para que nuestros hijos supieran algo de nosotros. En una marcha del 24 de marzo en Plaza de Mayo se pusieron en contacto con una abogada de los juicios de lesa humanidad. Los cabos se fueron atando y as\u00ed se fueron enterando. Ahora ya saben que mis \u00faltimos d\u00edas los pas\u00e9 en la ex comisar\u00eda 5ta de la Plata, en la celda contigua estaba Diego. \u00c9l estaba en una celda con los hombres y yo con las mujeres, en 4 calabozos muy chiquitos, nos comunic\u00e1bamos golpeando la pared que separaba a los calabozos de mujeres con los de los hombres. Yo ten\u00eda mucha fiebre, nos arrancaron de la vida a mi negrita y a m\u00ed, a ella le sacaron su alimento y a m\u00ed me dejaron con toda la leche y el amor para dar. Entonces me dio mastitis, mis compa\u00f1eras ped\u00edan que venga alg\u00fan m\u00e9dico, pero nunca lleg\u00f3. Yo solo pensaba en mi beba, que fue de ella y de su hermano. Un d\u00eda nos sacaron de ah\u00ed, nos emocionamos pensamos que volv\u00edamos a vernos los 4, pero nunca m\u00e1s nos vieron con vida.\u00a0<\/span><\/p><p><span style=\"font-weight: 400;\">Todav\u00eda nos est\u00e1n buscando.<\/span><\/p><p><br \/><br \/><br \/><\/p>\t\t\t\t\t\t\t\t<\/div>\n\t\t\t\t<\/div>\n\t\t\t\t<div class=\"elementor-element elementor-element-2e49e3e elementor-widget elementor-widget-text-editor\" data-id=\"2e49e3e\" data-element_type=\"widget\" data-e-type=\"widget\" data-widget_type=\"text-editor.default\">\n\t\t\t\t<div class=\"elementor-widget-container\">\n\t\t\t\t\t\t\t\t\t<p style=\"text-align: right;\"><strong>Paula Salas Triana<br \/><\/strong>Hija de Elisa y Diego<\/p>\t\t\t\t\t\t\t\t<\/div>\n\t\t\t\t<\/div>\n\t\t\t\t\t<\/div>\n\t\t<\/div>\n\t\t\t\t\t<\/div>\n\t\t<\/section>\n\t\t\t\t\t<\/div>\n\t\t<\/div>\n\t\t\t\t\t<\/div>\n\t\t<\/section>\n\t\t\t\t<section class=\"elementor-section elementor-top-section elementor-element elementor-element-2552cf1 elementor-section-boxed elementor-section-height-default elementor-section-height-default\" data-id=\"2552cf1\" data-element_type=\"section\" data-e-type=\"section\">\n\t\t\t\t\t\t<div class=\"elementor-container elementor-column-gap-default\">\n\t\t\t\t\t<div class=\"elementor-column elementor-col-100 elementor-top-column elementor-element elementor-element-313d3f1\" data-id=\"313d3f1\" data-element_type=\"column\" data-e-type=\"column\">\n\t\t\t<div class=\"elementor-widget-wrap\">\n\t\t\t\t\t\t\t<\/div>\n\t\t<\/div>\n\t\t\t\t\t<\/div>\n\t\t<\/section>\n\t\t\t\t<\/div>\n\t\t","protected":false},"excerpt":{"rendered":"<p>Elisa Noemi Triana de Salas Me presento Soy Elisa Noemi Triana, \u201cLa negra\u201d para quienes me conocen. Nac\u00ed el 30 de octubre de 1954, fui al Liceo, pero no termin\u00e9 ah\u00ed mis estudios secundarios, porque en los \u00faltimos a\u00f1os conoc\u00ed a Diego, mi amado compa\u00f1ero. Nos conocimos en la parroquia de Las Victorias, esa que [&hellip;]<\/p>\n","protected":false},"author":1,"featured_media":0,"parent":132,"menu_order":0,"comment_status":"closed","ping_status":"closed","template":"","meta":{"site-sidebar-layout":"no-sidebar","site-content-layout":"page-builder","ast-site-content-layout":"default","site-content-style":"default","site-sidebar-style":"default","ast-global-header-display":"","ast-banner-title-visibility":"","ast-main-header-display":"","ast-hfb-above-header-display":"","ast-hfb-below-header-display":"","ast-hfb-mobile-header-display":"","site-post-title":"disabled","ast-breadcrumbs-content":"","ast-featured-img":"disabled","footer-sml-layout":"","ast-disable-related-posts":"","theme-transparent-header-meta":"","adv-header-id-meta":"","stick-header-meta":"","header-above-stick-meta":"","header-main-stick-meta":"","header-below-stick-meta":"","astra-migrate-meta-layouts":"default","ast-page-background-enabled":"default","ast-page-background-meta":{"desktop":{"background-color":"var(--ast-global-color-4)","background-image":"","background-repeat":"repeat","background-position":"center center","background-size":"auto","background-attachment":"scroll","background-type":"","background-media":"","overlay-type":"","overlay-color":"","overlay-opacity":"","overlay-gradient":""},"tablet":{"background-color":"","background-image":"","background-repeat":"repeat","background-position":"center center","background-size":"auto","background-attachment":"scroll","background-type":"","background-media":"","overlay-type":"","overlay-color":"","overlay-opacity":"","overlay-gradient":""},"mobile":{"background-color":"","background-image":"","background-repeat":"repeat","background-position":"center center","background-size":"auto","background-attachment":"scroll","background-type":"","background-media":"","overlay-type":"","overlay-color":"","overlay-opacity":"","overlay-gradient":""}},"ast-content-background-meta":{"desktop":{"background-color":"var(--ast-global-color-5)","background-image":"","background-repeat":"repeat","background-position":"center center","background-size":"auto","background-attachment":"scroll","background-type":"","background-media":"","overlay-type":"","overlay-color":"","overlay-opacity":"","overlay-gradient":""},"tablet":{"background-color":"var(--ast-global-color-5)","background-image":"","background-repeat":"repeat","background-position":"center center","background-size":"auto","background-attachment":"scroll","background-type":"","background-media":"","overlay-type":"","overlay-color":"","overlay-opacity":"","overlay-gradient":""},"mobile":{"background-color":"var(--ast-global-color-5)","background-image":"","background-repeat":"repeat","background-position":"center center","background-size":"auto","background-attachment":"scroll","background-type":"","background-media":"","overlay-type":"","overlay-color":"","overlay-opacity":"","overlay-gradient":""}},"footnotes":""},"class_list":["post-368","page","type-page","status-publish","hentry"],"_links":{"self":[{"href":"https:\/\/memoriadelasvictorias.com\/index.php\/wp-json\/wp\/v2\/pages\/368","targetHints":{"allow":["GET"]}}],"collection":[{"href":"https:\/\/memoriadelasvictorias.com\/index.php\/wp-json\/wp\/v2\/pages"}],"about":[{"href":"https:\/\/memoriadelasvictorias.com\/index.php\/wp-json\/wp\/v2\/types\/page"}],"author":[{"embeddable":true,"href":"https:\/\/memoriadelasvictorias.com\/index.php\/wp-json\/wp\/v2\/users\/1"}],"replies":[{"embeddable":true,"href":"https:\/\/memoriadelasvictorias.com\/index.php\/wp-json\/wp\/v2\/comments?post=368"}],"version-history":[{"count":19,"href":"https:\/\/memoriadelasvictorias.com\/index.php\/wp-json\/wp\/v2\/pages\/368\/revisions"}],"predecessor-version":[{"id":1334,"href":"https:\/\/memoriadelasvictorias.com\/index.php\/wp-json\/wp\/v2\/pages\/368\/revisions\/1334"}],"up":[{"embeddable":true,"href":"https:\/\/memoriadelasvictorias.com\/index.php\/wp-json\/wp\/v2\/pages\/132"}],"wp:attachment":[{"href":"https:\/\/memoriadelasvictorias.com\/index.php\/wp-json\/wp\/v2\/media?parent=368"}],"curies":[{"name":"wp","href":"https:\/\/api.w.org\/{rel}","templated":true}]}}