{"id":362,"date":"2023-06-19T21:56:23","date_gmt":"2023-06-20T00:56:23","guid":{"rendered":"https:\/\/memoriadelasvictorias.com\/?page_id=362"},"modified":"2023-07-08T11:32:39","modified_gmt":"2023-07-08T14:32:39","slug":"alicia","status":"publish","type":"page","link":"https:\/\/memoriadelasvictorias.com\/index.php\/indice\/nuestrxs-desaparecidxs\/alicia\/","title":{"rendered":"Alicia"},"content":{"rendered":"\t\t<div data-elementor-type=\"wp-page\" data-elementor-id=\"362\" class=\"elementor elementor-362\">\n\t\t\t\t\t\t<section class=\"elementor-section elementor-top-section elementor-element elementor-element-7ce12fc elementor-section-boxed elementor-section-height-default elementor-section-height-default\" data-id=\"7ce12fc\" data-element_type=\"section\" data-e-type=\"section\">\n\t\t\t\t\t\t<div class=\"elementor-container elementor-column-gap-default\">\n\t\t\t\t\t<div class=\"elementor-column elementor-col-100 elementor-top-column elementor-element elementor-element-e43b928\" data-id=\"e43b928\" data-element_type=\"column\" data-e-type=\"column\">\n\t\t\t<div class=\"elementor-widget-wrap elementor-element-populated\">\n\t\t\t\t\t\t<div class=\"elementor-element elementor-element-ca65138 elementor-widget elementor-widget-heading\" data-id=\"ca65138\" data-element_type=\"widget\" data-e-type=\"widget\" data-widget_type=\"heading.default\">\n\t\t\t\t<div class=\"elementor-widget-container\">\n\t\t\t\t\t<h2 class=\"elementor-heading-title elementor-size-default\">Alicia Cabrera de Larrubia<\/h2>\t\t\t\t<\/div>\n\t\t\t\t<\/div>\n\t\t\t\t<div class=\"elementor-element elementor-element-0983d76 elementor-arrows-position-inside elementor-pagination-position-outside elementor-widget elementor-widget-image-carousel\" data-id=\"0983d76\" data-element_type=\"widget\" data-e-type=\"widget\" data-settings=\"{&quot;slides_to_show&quot;:&quot;2&quot;,&quot;autoplay&quot;:&quot;no&quot;,&quot;navigation&quot;:&quot;both&quot;,&quot;infinite&quot;:&quot;yes&quot;,&quot;speed&quot;:500,&quot;image_spacing_custom&quot;:{&quot;unit&quot;:&quot;px&quot;,&quot;size&quot;:20,&quot;sizes&quot;:[]},&quot;image_spacing_custom_tablet&quot;:{&quot;unit&quot;:&quot;px&quot;,&quot;size&quot;:&quot;&quot;,&quot;sizes&quot;:[]},&quot;image_spacing_custom_mobile&quot;:{&quot;unit&quot;:&quot;px&quot;,&quot;size&quot;:&quot;&quot;,&quot;sizes&quot;:[]}}\" data-widget_type=\"image-carousel.default\">\n\t\t\t\t<div class=\"elementor-widget-container\">\n\t\t\t\t\t\t\t<div class=\"elementor-image-carousel-wrapper swiper\" role=\"region\" aria-roledescription=\"carousel\" aria-label=\"Carrusel de im\u00e1genes\" dir=\"ltr\">\n\t\t\t<div class=\"elementor-image-carousel swiper-wrapper\" aria-live=\"polite\">\n\t\t\t\t\t\t\t\t<div class=\"swiper-slide\" role=\"group\" aria-roledescription=\"slide\" aria-label=\"1 of 3\"><figure class=\"swiper-slide-inner\"><img decoding=\"async\" class=\"swiper-slide-image\" src=\"https:\/\/memoriadelasvictorias.com\/wp-content\/uploads\/2023\/07\/alicia1.jpg\" alt=\"alicia1\" \/><\/figure><\/div><div class=\"swiper-slide\" role=\"group\" aria-roledescription=\"slide\" aria-label=\"2 of 3\"><figure class=\"swiper-slide-inner\"><img decoding=\"async\" class=\"swiper-slide-image\" src=\"https:\/\/memoriadelasvictorias.com\/wp-content\/uploads\/2023\/07\/alicia2.jpg\" alt=\"alicia2\" \/><\/figure><\/div><div class=\"swiper-slide\" role=\"group\" aria-roledescription=\"slide\" aria-label=\"3 of 3\"><figure class=\"swiper-slide-inner\"><img decoding=\"async\" class=\"swiper-slide-image\" src=\"https:\/\/memoriadelasvictorias.com\/wp-content\/uploads\/2023\/07\/alicia3.jpg\" alt=\"alicia3\" \/><\/figure><\/div>\t\t\t<\/div>\n\t\t\t\t\t\t\t\t\t\t\t\t<div class=\"elementor-swiper-button elementor-swiper-button-prev\" role=\"button\" tabindex=\"0\">\n\t\t\t\t\t\t<i aria-hidden=\"true\" class=\"eicon-chevron-left\"><\/i>\t\t\t\t\t<\/div>\n\t\t\t\t\t<div class=\"elementor-swiper-button elementor-swiper-button-next\" role=\"button\" tabindex=\"0\">\n\t\t\t\t\t\t<i aria-hidden=\"true\" class=\"eicon-chevron-right\"><\/i>\t\t\t\t\t<\/div>\n\t\t\t\t\n\t\t\t\t\t\t\t\t\t<div class=\"swiper-pagination\"><\/div>\n\t\t\t\t\t\t\t\t\t<\/div>\n\t\t\t\t\t\t<\/div>\n\t\t\t\t<\/div>\n\t\t\t\t<section class=\"elementor-section elementor-inner-section elementor-element elementor-element-ec81934 fondo-color1 elementor-section-boxed elementor-section-height-default elementor-section-height-default\" data-id=\"ec81934\" data-element_type=\"section\" data-e-type=\"section\">\n\t\t\t\t\t\t<div class=\"elementor-container elementor-column-gap-default\">\n\t\t\t\t\t<div class=\"elementor-column elementor-col-100 elementor-inner-column elementor-element elementor-element-e5cb4d2\" data-id=\"e5cb4d2\" data-element_type=\"column\" data-e-type=\"column\">\n\t\t\t<div class=\"elementor-widget-wrap elementor-element-populated\">\n\t\t\t\t\t\t<div class=\"elementor-element elementor-element-73ce9b4 elementor-widget elementor-widget-heading\" data-id=\"73ce9b4\" data-element_type=\"widget\" data-e-type=\"widget\" data-widget_type=\"heading.default\">\n\t\t\t\t<div class=\"elementor-widget-container\">\n\t\t\t\t\t<h3 class=\"elementor-heading-title elementor-size-default\">Mirar de frente<\/h3>\t\t\t\t<\/div>\n\t\t\t\t<\/div>\n\t\t\t\t<div class=\"elementor-element elementor-element-fea1c1d txt-2cols elementor-widget elementor-widget-text-editor\" data-id=\"fea1c1d\" data-element_type=\"widget\" data-e-type=\"widget\" data-widget_type=\"text-editor.default\">\n\t\t\t\t<div class=\"elementor-widget-container\">\n\t\t\t\t\t\t\t\t\t<p>Alicia Cabrera de Larrubia trabajaba en C\u00e1ritas en la parroquia, mam\u00e1 de Susana y de Nora&#8230; y un alma inquieta: cocinaba, lavaba, planchaba, charlaba con las que \u00edbamos a su casa a hacer &#8220;camis\u00f3n party&#8221; (no exist\u00eda piyama en ese entonces). Alicia nos daba a cada una un camis\u00f3n largo hasta el piso y prendido hasta el cuello, tiraba varios colchones al piso, nos arropaba y nos dec\u00eda: Hablen bajito, que los adultos queremos dormir!&#8230; Y nosotras cuchiche\u00e1bamos hasta la madrugada&#8230; Alicia miraba de frente, no ocultaba nada&#8230; solo su fortaleza incre\u00edble para soportar cualquier dolor y defender su familia!!!<\/p>\t\t\t\t\t\t\t\t<\/div>\n\t\t\t\t<\/div>\n\t\t\t\t<div class=\"elementor-element elementor-element-9a121f0 elementor-widget elementor-widget-text-editor\" data-id=\"9a121f0\" data-element_type=\"widget\" data-e-type=\"widget\" data-widget_type=\"text-editor.default\">\n\t\t\t\t<div class=\"elementor-widget-container\">\n\t\t\t\t\t\t\t\t\t<p style=\"text-align: right;\"><strong>Beatriz Horrac<\/strong><\/p>\t\t\t\t\t\t\t\t<\/div>\n\t\t\t\t<\/div>\n\t\t\t\t\t<\/div>\n\t\t<\/div>\n\t\t\t\t\t<\/div>\n\t\t<\/section>\n\t\t\t\t<section class=\"elementor-section elementor-inner-section elementor-element elementor-element-e6622a3 fondo-color2 elementor-section-boxed elementor-section-height-default elementor-section-height-default\" data-id=\"e6622a3\" data-element_type=\"section\" data-e-type=\"section\">\n\t\t\t\t\t\t<div class=\"elementor-container elementor-column-gap-default\">\n\t\t\t\t\t<div class=\"elementor-column elementor-col-100 elementor-inner-column elementor-element elementor-element-cfa2629\" data-id=\"cfa2629\" data-element_type=\"column\" data-e-type=\"column\">\n\t\t\t<div class=\"elementor-widget-wrap elementor-element-populated\">\n\t\t\t\t\t\t<div class=\"elementor-element elementor-element-ec704d8 elementor-widget elementor-widget-heading\" data-id=\"ec704d8\" data-element_type=\"widget\" data-e-type=\"widget\" data-widget_type=\"heading.default\">\n\t\t\t\t<div class=\"elementor-widget-container\">\n\t\t\t\t\t<h3 class=\"elementor-heading-title elementor-size-default\">Casa de puertas abiertas<\/h3>\t\t\t\t<\/div>\n\t\t\t\t<\/div>\n\t\t\t\t<div class=\"elementor-element elementor-element-729e8ca txt-2cols elementor-widget elementor-widget-text-editor\" data-id=\"729e8ca\" data-element_type=\"widget\" data-e-type=\"widget\" data-widget_type=\"text-editor.default\">\n\t\t\t\t<div class=\"elementor-widget-container\">\n\t\t\t\t\t\t\t\t\t<p>Siempre nos junt\u00e1bamos por grupos en distintas casas, nuestra actividad no era todo La Parroquia. Organiz\u00e1bamos reuniones en las casas para divertirnos. Hac\u00edamos malones. Los malones eran reuniones \u201cdanzantes\u201d en diferentes casas, los varones llev\u00e1bamos bebida y las mujeres algo para comer. En esos eventos nos fuimos poniendo de novios. En lo de los Larrubia no se pod\u00edan hacer esos eventos nocturnos que normalmente duraban hasta las 2-3 de la ma\u00f1ana, porque F\u00e9lix se acostaba temprano y Alicia lo cuidaba y no quer\u00eda que lo molest\u00e1ramos mientras dorm\u00eda.<br \/>Alicia ayudaba a Susana y Nora a preparar los sandwichs o tortas que sus hijas iban a llevar al mal\u00f3n. Lleg\u00e1bamos a su casa y siempre con una sonrisa, El Caf\u00e9 siempre listo. Enseguida lo ofrec\u00eda. Tomaba poco mate por que le hac\u00eda mal. Pero igual lo preparaba.<br \/>Por lo general \u00edbamos a la tarde a la casa de los Larrubia a tocar la guitarra y cantar, ensayar canciones, y&#8230; eso s\u00ed a charlar de pol\u00edtica. Alicia participaba activamente, se interesaba por todo lo que habl\u00e1bamos. Quer\u00eda informarse, dec\u00eda que nosotros ten\u00edamos m\u00e1s informaci\u00f3n pol\u00edtica porque nos mov\u00edamos en \u00e1mbitos que ella no pod\u00eda acceder. Era muy preguntadora quer\u00eda saber todo y mas y mas. Ten\u00eda muchas cuestiones cr\u00edticas, discut\u00edamos bien a fondo lo que nuestro entender nos daba. Muchas veces nos dec\u00eda \u201ccomo me hubiera gustado tener el acceso que Uds. tienen a toda esa informaci\u00f3n\u201d.<br \/>Me acuerdo patente que Susana y Nora le dec\u00edan \u201cmami vos ten\u00e9s la obligaci\u00f3n de comprometerte, cada uno en su medida, entre todos haremos la revoluci\u00f3n. Todos no<br \/>puede faltar ninguno\u201d. Entonces la abrazaban y le daban besos y ella se pon\u00eda toda mimosa y abrazaba a sus \u201cnenas\u201d.<br \/>Ella dec\u00eda somos revolucionarios cada uno en su lugar, yo voy a hacer lo mejor que pueda en C\u00e1ritas de la parroquia. All\u00ed recib\u00eda la ropa que la gente donaba, la lavaba cuando era necesario, la arreglaban junto a Cecilia Pinciroli y a la Sra. de Fushimi, eran las tres pero Alicia las organizaba con ese modo tan suave que ten\u00eda. Uno entraba a la casa de C\u00e1ritas que quedaba en 23 entre 51 y 53, justo donde terminaba el templo de la parroquia. Alicia agarr\u00f3 la batuta y limpi\u00f3 todo, por que estaba abandonado, lo puso en condiciones y empez\u00f3 primero con un roperito y luego m\u00e1s y m\u00e1s hasta ocupar toda la casa con ropa acomodada y clasificada. Me acuerdo los d\u00edas que iba la gente que hasta se hac\u00edan colas para la entrega. Alicia o las otras se\u00f1oras entregaban con un amor supremo. La escuch\u00e9 decir \u201ccuando ser\u00e1 el d\u00eda que la gente no venga mas, eso querr\u00e1 decir que ya no habr\u00e1 mas necesitados, luchemos por eso\u201d.<br \/>Luego dos d\u00edas por semana iba la gente que necesitaba ropa y le daban de acuerdo a sus necesidades. Con un respeto supremo. La gente iba y era como ir a una tienda, la ropa estaba perfectamente acomodada por talles y tipo, var\u00f3n o mujer. Ni\u00f1os aparte.<br \/>Estaba muy orgullosa de sus hijas.<\/p>\t\t\t\t\t\t\t\t<\/div>\n\t\t\t\t<\/div>\n\t\t\t\t<div class=\"elementor-element elementor-element-fa6dacc elementor-widget elementor-widget-text-editor\" data-id=\"fa6dacc\" data-element_type=\"widget\" data-e-type=\"widget\" data-widget_type=\"text-editor.default\">\n\t\t\t\t<div class=\"elementor-widget-container\">\n\t\t\t\t\t\t\t\t\t<p style=\"text-align: right;\"><strong>Eduardo Roussy <\/strong><\/p>\t\t\t\t\t\t\t\t<\/div>\n\t\t\t\t<\/div>\n\t\t\t\t\t<\/div>\n\t\t<\/div>\n\t\t\t\t\t<\/div>\n\t\t<\/section>\n\t\t\t\t<section class=\"elementor-section elementor-inner-section elementor-element elementor-element-2c01b59 fondo-color3 elementor-section-boxed elementor-section-height-default elementor-section-height-default\" data-id=\"2c01b59\" data-element_type=\"section\" data-e-type=\"section\">\n\t\t\t\t\t\t<div class=\"elementor-container elementor-column-gap-default\">\n\t\t\t\t\t<div class=\"elementor-column elementor-col-100 elementor-inner-column elementor-element elementor-element-c59788d\" data-id=\"c59788d\" data-element_type=\"column\" data-e-type=\"column\">\n\t\t\t<div class=\"elementor-widget-wrap elementor-element-populated\">\n\t\t\t\t\t\t<div class=\"elementor-element elementor-element-3d5bf9f elementor-widget elementor-widget-heading\" data-id=\"3d5bf9f\" data-element_type=\"widget\" data-e-type=\"widget\" data-widget_type=\"heading.default\">\n\t\t\t\t<div class=\"elementor-widget-container\">\n\t\t\t\t\t<h3 class=\"elementor-heading-title elementor-size-default\">Antropolog\u00eda de los regalos<\/h3>\t\t\t\t<\/div>\n\t\t\t\t<\/div>\n\t\t\t\t<div class=\"elementor-element elementor-element-3aae414 txt-2cols elementor-widget elementor-widget-text-editor\" data-id=\"3aae414\" data-element_type=\"widget\" data-e-type=\"widget\" data-widget_type=\"text-editor.default\">\n\t\t\t\t<div class=\"elementor-widget-container\">\n\t\t\t\t\t\t\t\t\t<p>\u00bfC\u00f3mo contar de Alicia Cabrera a quien no la conoci\u00f3? Se me ocurre que podr\u00eda intentar un acercamiento desde el punto de vista antropol\u00f3gico, espec\u00edficamente desde algo que -con la impunidad que otorga la ignorancia- denominar\u00e9 antropolog\u00eda de los regalos, con perd\u00f3n de los antrop\u00f3logos, claro, que tal rama de dicha ciencia seguramente no existe. Ustedes juzgar\u00e1n luego, si a tal fin sirve o no lo que les cuento de ahora en m\u00e1s.<br \/>Alicia era de las personas que ten\u00eda por costumbre hacer regalos del tipo que no pueden acomodarse en un armario, que de tan inasibles s\u00f3lo pueden guardarse en el fondo del alma, para all\u00ed permanecer indemnes al paso del tiempo, e incluso poder ser compartidos con quien uno quiera durante el resto de la vida, porque nunca\u2026 nunca se desgastan. Ac\u00e1 un par de ejemplos, uno ajeno y otro propio: Hace algunos a\u00f1os mi prima, Susana Cabrera, me cont\u00f3 de cuando Alicia le regal\u00f3 un cielo estrellado aquella vez que de ni\u00f1a fue de visita a La Plata, y la t\u00eda sac\u00f3 los colchones de las camas y los puso en el techo de la casa para que su sobrina y sus hijas, Nora y Susana Larrubia, estuvieran m\u00e1s cerca del cielo y poder mirar las estrellas antes de dormir, para cada tanto asomarse mediante la ayuda de una escalera a ver si necesitaban algo.<br \/>En el verano del 76 fui de vacaciones a Mar del Plata con Alicia y la Abuela Antonia, su madre. Y uno de esos d\u00edas Alicia me dice: -Ma\u00f1ana te voy hacer un regalo. Intrigada me interrogaba sobre qu\u00e9 ser\u00eda, y empec\u00e9 a enumerar mentalmente los obsequios de la t\u00eda: el evangelio de ediciones San Pablo en el 72, peque\u00f1o y de tapa azul plastificada, y\u2026 nada, nada m\u00e1s que se pudiera guardar en un caj\u00f3n; lo otro hab\u00edan sido los momentos: paseos por La Plata; la fundaci\u00f3n secreta de una ciudad m\u00edtica, que de tan arcana ni su nombre recuerdo siquiera, a orillas de la laguna Cochic\u00f3 donde acampamos el verano anterior; y su tiempo\u2026 porque ella daba horas de su vida para charlar y estar a tu lado. Esa noche el sue\u00f1o tard\u00f3 en llegar. \u2013\u00bfUn regalo, qu\u00e9 ser\u00e1? Un regalo, un regalo\u2026 Y as\u00ed hasta dormirme. A las pocas horas el alba, y Alicia que me despierta. -Vamos, arriba que hoy es el d\u00eda prometido. Salimos a la calle emponchadas, caminamos medio en penumbras unas cuadras hasta llegar a la orilla del mar; la arena mojada, viento y fr\u00edo, mucho fr\u00edo; permanecimos de pie y\u2026 de pronto ah\u00ed estaba: un sol enorme semicircular, rojo-anaranjado, emergiendo de un horizonte de agua\u2026 \u00a1Su regalo era EL AMANECER! Pero estas palabras con que hoy evoco aquel portentoso evento no fueron las que inundaron mi mente en aquel instante m\u00e1gico, en que azorada por el espect\u00e1culo e inmersa en un miedo sordo por la furia y negrura de las olas, s\u00f3lo pens\u00e9: -Es el sol, Alicia me regala el sol\u2026<br \/>Y un d\u00eda cualquiera, no hace tanto tiempo, hablando sobre esta cuesti\u00f3n de los regalos del alma con la Negra Marino tambi\u00e9n conocida por Coca, persona muy vinculada a mi familia y amiga de Alicia, le cuento lo del sol asomando al final del mar que Alicia me regalara aquel verano del 76, y la Negra que me dice: -A m\u00ed me hizo el mismo regalo, s\u00f3lo que fue en el 75, en Miramar. Y la Negra, con los ojos vidriosos de tanta ausencia, y esa voz entra\u00f1able te\u00f1ida de un timbre tan particular cuyas ondas sonoras parecieran desplazarse vibrantes por el borde de una cornisa, que concluye con un: <strong>-Alicia amaba el amanecer<\/strong>.<\/p>\t\t\t\t\t\t\t\t<\/div>\n\t\t\t\t<\/div>\n\t\t\t\t<div class=\"elementor-element elementor-element-d76983a elementor-widget elementor-widget-text-editor\" data-id=\"d76983a\" data-element_type=\"widget\" data-e-type=\"widget\" data-widget_type=\"text-editor.default\">\n\t\t\t\t<div class=\"elementor-widget-container\">\n\t\t\t\t\t\t\t\t\t<p style=\"text-align: right;\"><strong>Emilia Cabrera<\/strong><\/p>\t\t\t\t\t\t\t\t<\/div>\n\t\t\t\t<\/div>\n\t\t\t\t\t<\/div>\n\t\t<\/div>\n\t\t\t\t\t<\/div>\n\t\t<\/section>\n\t\t\t\t<section class=\"elementor-section elementor-inner-section elementor-element elementor-element-f71a1fa fondo-pinturas elementor-section-boxed elementor-section-height-default elementor-section-height-default\" data-id=\"f71a1fa\" data-element_type=\"section\" data-e-type=\"section\">\n\t\t\t\t\t\t<div class=\"elementor-container elementor-column-gap-default\">\n\t\t\t\t\t<div class=\"elementor-column elementor-col-50 elementor-inner-column elementor-element elementor-element-d6b5474\" data-id=\"d6b5474\" data-element_type=\"column\" data-e-type=\"column\">\n\t\t\t<div class=\"elementor-widget-wrap elementor-element-populated\">\n\t\t\t\t\t\t<div class=\"elementor-element elementor-element-0810d9a elementor-widget elementor-widget-image\" data-id=\"0810d9a\" data-element_type=\"widget\" data-e-type=\"widget\" data-widget_type=\"image.default\">\n\t\t\t\t<div class=\"elementor-widget-container\">\n\t\t\t\t\t\t\t\t\t\t\t\t\t\t\t<img fetchpriority=\"high\" decoding=\"async\" width=\"648\" height=\"446\" src=\"https:\/\/memoriadelasvictorias.com\/wp-content\/uploads\/2023\/06\/alicia3.jpg\" class=\"attachment-large size-large wp-image-593\" alt=\"\" srcset=\"https:\/\/memoriadelasvictorias.com\/wp-content\/uploads\/2023\/06\/alicia3.jpg 648w, https:\/\/memoriadelasvictorias.com\/wp-content\/uploads\/2023\/06\/alicia3-300x206.jpg 300w\" sizes=\"(max-width: 648px) 100vw, 648px\" \/>\t\t\t\t\t\t\t\t\t\t\t\t\t\t\t<\/div>\n\t\t\t\t<\/div>\n\t\t\t\t\t<\/div>\n\t\t<\/div>\n\t\t\t\t<div class=\"elementor-column elementor-col-50 elementor-inner-column elementor-element elementor-element-b900e0b\" data-id=\"b900e0b\" data-element_type=\"column\" data-e-type=\"column\">\n\t\t\t<div class=\"elementor-widget-wrap elementor-element-populated\">\n\t\t\t\t\t\t<div class=\"elementor-element elementor-element-0aa8622 elementor-widget elementor-widget-heading\" data-id=\"0aa8622\" data-element_type=\"widget\" data-e-type=\"widget\" data-widget_type=\"heading.default\">\n\t\t\t\t<div class=\"elementor-widget-container\">\n\t\t\t\t\t<h3 class=\"elementor-heading-title elementor-size-default\">Siempre fe y esperanza<\/h3>\t\t\t\t<\/div>\n\t\t\t\t<\/div>\n\t\t\t\t<div class=\"elementor-element elementor-element-5dd5d96 elementor-widget elementor-widget-text-editor\" data-id=\"5dd5d96\" data-element_type=\"widget\" data-e-type=\"widget\" data-widget_type=\"text-editor.default\">\n\t\t\t\t<div class=\"elementor-widget-container\">\n\t\t\t\t\t\t\t\t\t<p>ALICIA&#8230; hoy tengo 18 a\u00f1os m\u00e1s de los que vos ten\u00edas cuando deje de verte, se que trabajabas para la parroquia, tej\u00edas, arreglabas ropa&#8230;<br \/>Este cuadro lo pinto mi hijo Emiliano Bellini, creo que fue despu\u00e9s que cay\u00f3 Bagdad. Su sensibilidad ante las mujeres que sufren viene desde siempre. Ser\u00e1 que naci\u00f3 en 1976??<br \/>Me pareci\u00f3 que representaba el dolor que atraves\u00f3 nuestro pa\u00eds. S\u00e9 que te hubiese gustado, sobre todo por la p\u00faber de cara al sol, con su alma repleta de fe y esperanza.<br \/>Para eso pariste tus hijas y hoy la vida te regala no importa donde est\u00e9s, las nietas que seguro llevaran prendida a su cinturas las fragancias dulces de los nardos&#8230;<\/p>\t\t\t\t\t\t\t\t<\/div>\n\t\t\t\t<\/div>\n\t\t\t\t<div class=\"elementor-element elementor-element-ab5e3a2 elementor-widget elementor-widget-text-editor\" data-id=\"ab5e3a2\" data-element_type=\"widget\" data-e-type=\"widget\" data-widget_type=\"text-editor.default\">\n\t\t\t\t<div class=\"elementor-widget-container\">\n\t\t\t\t\t\t\t\t\t<p style=\"text-align: right;\"><strong>Susana de Iraola<\/strong><\/p>\t\t\t\t\t\t\t\t<\/div>\n\t\t\t\t<\/div>\n\t\t\t\t\t<\/div>\n\t\t<\/div>\n\t\t\t\t\t<\/div>\n\t\t<\/section>\n\t\t\t\t\t<\/div>\n\t\t<\/div>\n\t\t\t\t\t<\/div>\n\t\t<\/section>\n\t\t\t\t<\/div>\n\t\t","protected":false},"excerpt":{"rendered":"<p>Alicia Cabrera de Larrubia Mirar de frente Alicia Cabrera de Larrubia trabajaba en C\u00e1ritas en la parroquia, mam\u00e1 de Susana y de Nora&#8230; y un alma inquieta: cocinaba, lavaba, planchaba, charlaba con las que \u00edbamos a su casa a hacer &#8220;camis\u00f3n party&#8221; (no exist\u00eda piyama en ese entonces). Alicia nos daba a cada una un [&hellip;]<\/p>\n","protected":false},"author":1,"featured_media":0,"parent":132,"menu_order":0,"comment_status":"closed","ping_status":"closed","template":"","meta":{"site-sidebar-layout":"no-sidebar","site-content-layout":"page-builder","ast-site-content-layout":"default","site-content-style":"default","site-sidebar-style":"default","ast-global-header-display":"","ast-banner-title-visibility":"","ast-main-header-display":"","ast-hfb-above-header-display":"","ast-hfb-below-header-display":"","ast-hfb-mobile-header-display":"","site-post-title":"disabled","ast-breadcrumbs-content":"","ast-featured-img":"disabled","footer-sml-layout":"","ast-disable-related-posts":"","theme-transparent-header-meta":"","adv-header-id-meta":"","stick-header-meta":"","header-above-stick-meta":"","header-main-stick-meta":"","header-below-stick-meta":"","astra-migrate-meta-layouts":"default","ast-page-background-enabled":"default","ast-page-background-meta":{"desktop":{"background-color":"var(--ast-global-color-4)","background-image":"","background-repeat":"repeat","background-position":"center center","background-size":"auto","background-attachment":"scroll","background-type":"","background-media":"","overlay-type":"","overlay-color":"","overlay-opacity":"","overlay-gradient":""},"tablet":{"background-color":"","background-image":"","background-repeat":"repeat","background-position":"center center","background-size":"auto","background-attachment":"scroll","background-type":"","background-media":"","overlay-type":"","overlay-color":"","overlay-opacity":"","overlay-gradient":""},"mobile":{"background-color":"","background-image":"","background-repeat":"repeat","background-position":"center center","background-size":"auto","background-attachment":"scroll","background-type":"","background-media":"","overlay-type":"","overlay-color":"","overlay-opacity":"","overlay-gradient":""}},"ast-content-background-meta":{"desktop":{"background-color":"var(--ast-global-color-5)","background-image":"","background-repeat":"repeat","background-position":"center center","background-size":"auto","background-attachment":"scroll","background-type":"","background-media":"","overlay-type":"","overlay-color":"","overlay-opacity":"","overlay-gradient":""},"tablet":{"background-color":"var(--ast-global-color-5)","background-image":"","background-repeat":"repeat","background-position":"center center","background-size":"auto","background-attachment":"scroll","background-type":"","background-media":"","overlay-type":"","overlay-color":"","overlay-opacity":"","overlay-gradient":""},"mobile":{"background-color":"var(--ast-global-color-5)","background-image":"","background-repeat":"repeat","background-position":"center center","background-size":"auto","background-attachment":"scroll","background-type":"","background-media":"","overlay-type":"","overlay-color":"","overlay-opacity":"","overlay-gradient":""}},"footnotes":""},"class_list":["post-362","page","type-page","status-publish","hentry"],"_links":{"self":[{"href":"https:\/\/memoriadelasvictorias.com\/index.php\/wp-json\/wp\/v2\/pages\/362","targetHints":{"allow":["GET"]}}],"collection":[{"href":"https:\/\/memoriadelasvictorias.com\/index.php\/wp-json\/wp\/v2\/pages"}],"about":[{"href":"https:\/\/memoriadelasvictorias.com\/index.php\/wp-json\/wp\/v2\/types\/page"}],"author":[{"embeddable":true,"href":"https:\/\/memoriadelasvictorias.com\/index.php\/wp-json\/wp\/v2\/users\/1"}],"replies":[{"embeddable":true,"href":"https:\/\/memoriadelasvictorias.com\/index.php\/wp-json\/wp\/v2\/comments?post=362"}],"version-history":[{"count":34,"href":"https:\/\/memoriadelasvictorias.com\/index.php\/wp-json\/wp\/v2\/pages\/362\/revisions"}],"predecessor-version":[{"id":1454,"href":"https:\/\/memoriadelasvictorias.com\/index.php\/wp-json\/wp\/v2\/pages\/362\/revisions\/1454"}],"up":[{"embeddable":true,"href":"https:\/\/memoriadelasvictorias.com\/index.php\/wp-json\/wp\/v2\/pages\/132"}],"wp:attachment":[{"href":"https:\/\/memoriadelasvictorias.com\/index.php\/wp-json\/wp\/v2\/media?parent=362"}],"curies":[{"name":"wp","href":"https:\/\/api.w.org\/{rel}","templated":true}]}}