{"id":183,"date":"2023-06-12T22:04:31","date_gmt":"2023-06-13T01:04:31","guid":{"rendered":"https:\/\/memoriadelasvictorias.com\/?page_id=183"},"modified":"2023-07-19T20:22:48","modified_gmt":"2023-07-19T23:22:48","slug":"indice","status":"publish","type":"page","link":"https:\/\/memoriadelasvictorias.com\/index.php\/indice\/","title":{"rendered":"Indice"},"content":{"rendered":"\t\t<div data-elementor-type=\"wp-page\" data-elementor-id=\"183\" class=\"elementor elementor-183\">\n\t\t\t\t\t\t<section class=\"elementor-section elementor-top-section elementor-element elementor-element-4d13401 elementor-section-boxed elementor-section-height-default elementor-section-height-default\" data-id=\"4d13401\" data-element_type=\"section\" data-e-type=\"section\">\n\t\t\t\t\t\t<div class=\"elementor-container elementor-column-gap-default\">\n\t\t\t\t\t<div class=\"elementor-column elementor-col-100 elementor-top-column elementor-element elementor-element-e63f61e\" data-id=\"e63f61e\" data-element_type=\"column\" data-e-type=\"column\">\n\t\t\t<div class=\"elementor-widget-wrap elementor-element-populated\">\n\t\t\t\t\t\t<section class=\"elementor-section elementor-inner-section elementor-element elementor-element-76f3c6d elementor-section-boxed elementor-section-height-default elementor-section-height-default\" data-id=\"76f3c6d\" data-element_type=\"section\" data-e-type=\"section\">\n\t\t\t\t\t\t<div class=\"elementor-container elementor-column-gap-default\">\n\t\t\t\t\t<div class=\"elementor-column elementor-col-50 elementor-inner-column elementor-element elementor-element-6cc9b7c\" data-id=\"6cc9b7c\" data-element_type=\"column\" data-e-type=\"column\" id=\"indice-int\">\n\t\t\t<div class=\"elementor-widget-wrap elementor-element-populated\">\n\t\t\t\t\t\t<div class=\"elementor-element elementor-element-784a189 elementor-widget elementor-widget-heading\" data-id=\"784a189\" data-element_type=\"widget\" data-e-type=\"widget\" data-widget_type=\"heading.default\">\n\t\t\t\t<div class=\"elementor-widget-container\">\n\t\t\t\t\t<h2 class=\"elementor-heading-title elementor-size-default\">Indice<\/h2>\t\t\t\t<\/div>\n\t\t\t\t<\/div>\n\t\t\t\t<div class=\"elementor-element elementor-element-a3ed7cc indice-n1 elementor-widget elementor-widget-text-editor\" data-id=\"a3ed7cc\" data-element_type=\"widget\" data-e-type=\"widget\" data-widget_type=\"text-editor.default\">\n\t\t\t\t<div class=\"elementor-widget-container\">\n\t\t\t\t\t\t\t\t\t<p><a href=\"https:\/\/memoriadelasvictorias.com\/index.php\/indice\/quienes-somos\/\">Qui\u00e9nes somos<\/a><br \/><a href=\"https:\/\/memoriadelasvictorias.com\/index.php\/indice\/nuestrxs-desaparecidxs\/\">Nuestrxs desaparecidxs<\/a><\/p>\t\t\t\t\t\t\t\t<\/div>\n\t\t\t\t<\/div>\n\t\t\t\t<div class=\"elementor-element elementor-element-12b6fa8 elementor-widget elementor-widget-text-editor\" data-id=\"12b6fa8\" data-element_type=\"widget\" data-e-type=\"widget\" data-widget_type=\"text-editor.default\">\n\t\t\t\t<div class=\"elementor-widget-container\">\n\t\t\t\t\t\t\t\t\t<p style=\"padding-left: 40px;\"><a href=\"https:\/\/memoriadelasvictorias.com\/index.php\/indice\/nuestrxs-desaparecidxs\/alicia\/\">Alicia Cabrera de Larrubia<\/a><br \/><a href=\"https:\/\/memoriadelasvictorias.com\/index.php\/indice\/nuestrxs-desaparecidxs\/nora\/\">Nora Alicia Larrubia<\/a><br \/><a href=\"https:\/\/memoriadelasvictorias.com\/index.php\/indice\/nuestrxs-desaparecidxs\/susana\/\">Susana Alicia Larrubia<\/a><br \/><a href=\"https:\/\/memoriadelasvictorias.com\/index.php\/indice\/nuestrxs-desaparecidxs\/elisa\/\">Elisa Noem\u00ed Triana de Salas<\/a><br \/><a href=\"https:\/\/memoriadelasvictorias.com\/index.php\/indice\/nuestrxs-desaparecidxs\/diego\/\">Diego Arturo Salas<\/a><br \/><a href=\"https:\/\/memoriadelasvictorias.com\/index.php\/indice\/nuestrxs-desaparecidxs\/eduardo\/\">Eduardo Luis Ricci<\/a><br \/><a href=\"https:\/\/memoriadelasvictorias.com\/index.php\/indice\/nuestrxs-desaparecidxs\/hector\/\">H\u00e9ctor Federico Bacchini<\/a><\/p>\t\t\t\t\t\t\t\t<\/div>\n\t\t\t\t<\/div>\n\t\t\t\t<div class=\"elementor-element elementor-element-3e79c80 indice-n1 elementor-widget elementor-widget-text-editor\" data-id=\"3e79c80\" data-element_type=\"widget\" data-e-type=\"widget\" data-widget_type=\"text-editor.default\">\n\t\t\t\t<div class=\"elementor-widget-container\">\n\t\t\t\t\t\t\t\t\t<p><a href=\"https:\/\/memoriadelasvictorias.com\/index.php\/indice\/la-comunidad-desaparecida\/\">La comunidad desaparecida<\/a><br \/><a href=\"https:\/\/memoriadelasvictorias.com\/index.php\/indice\/nos-reencontramos-en-2014\/\">Nos reencontramos en 2014<\/a><br \/><a href=\"https:\/\/memoriadelasvictorias.com\/index.php\/indice\/la-memoria-continua\/\">La memoria contin\u00faa&#8230;<\/a><\/p>\t\t\t\t\t\t\t\t<\/div>\n\t\t\t\t<\/div>\n\t\t\t\t\t<\/div>\n\t\t<\/div>\n\t\t\t\t<div class=\"elementor-column elementor-col-50 elementor-inner-column elementor-element elementor-element-0dc96a8\" data-id=\"0dc96a8\" data-element_type=\"column\" data-e-type=\"column\">\n\t\t\t<div class=\"elementor-widget-wrap elementor-element-populated\">\n\t\t\t\t\t\t<div class=\"elementor-element elementor-element-ffcda66 elementor-widget elementor-widget-image\" data-id=\"ffcda66\" data-element_type=\"widget\" data-e-type=\"widget\" data-widget_type=\"image.default\">\n\t\t\t\t<div class=\"elementor-widget-container\">\n\t\t\t\t\t\t\t\t\t\t\t\t\t\t\t<img fetchpriority=\"high\" decoding=\"async\" width=\"640\" height=\"960\" src=\"https:\/\/memoriadelasvictorias.com\/wp-content\/uploads\/2023\/06\/quienes7.jpg\" class=\"attachment-large size-large wp-image-493\" alt=\"\" srcset=\"https:\/\/memoriadelasvictorias.com\/wp-content\/uploads\/2023\/06\/quienes7.jpg 640w, https:\/\/memoriadelasvictorias.com\/wp-content\/uploads\/2023\/06\/quienes7-200x300.jpg 200w\" sizes=\"(max-width: 640px) 100vw, 640px\" \/>\t\t\t\t\t\t\t\t\t\t\t\t\t\t\t<\/div>\n\t\t\t\t<\/div>\n\t\t\t\t<div class=\"elementor-element elementor-element-ceddd0f indice-n1 elementor-widget elementor-widget-text-editor\" data-id=\"ceddd0f\" data-element_type=\"widget\" data-e-type=\"widget\" data-widget_type=\"text-editor.default\">\n\t\t\t\t<div class=\"elementor-widget-container\">\n\t\t\t\t\t\t\t\t\t<p><a href=\"https:\/\/memoriadelasvictorias.com\/index.php\/indice\/la-memoria-continua\/\">La memoria contin\u00faa&#8230;<\/a><\/p>\t\t\t\t\t\t\t\t<\/div>\n\t\t\t\t<\/div>\n\t\t\t\t\t<\/div>\n\t\t<\/div>\n\t\t\t\t\t<\/div>\n\t\t<\/section>\n\t\t\t\t\t<\/div>\n\t\t<\/div>\n\t\t\t\t\t<\/div>\n\t\t<\/section>\n\t\t\t\t<\/div>\n\t\t","protected":false},"excerpt":{"rendered":"<p>Indice Qui\u00e9nes somosNuestrxs desaparecidxs Alicia Cabrera de LarrubiaNora Alicia LarrubiaSusana Alicia LarrubiaElisa Noem\u00ed Triana de SalasDiego Arturo SalasEduardo Luis RicciH\u00e9ctor Federico Bacchini La comunidad desaparecidaNos reencontramos en 2014La memoria contin\u00faa&#8230; La memoria contin\u00faa&#8230;<\/p>\n","protected":false},"author":1,"featured_media":0,"parent":0,"menu_order":0,"comment_status":"closed","ping_status":"closed","template":"","meta":{"site-sidebar-layout":"no-sidebar","site-content-layout":"page-builder","ast-site-content-layout":"default","site-content-style":"default","site-sidebar-style":"default","ast-global-header-display":"","ast-banner-title-visibility":"","ast-main-header-display":"","ast-hfb-above-header-display":"","ast-hfb-below-header-display":"","ast-hfb-mobile-header-display":"","site-post-title":"disabled","ast-breadcrumbs-content":"","ast-featured-img":"disabled","footer-sml-layout":"","ast-disable-related-posts":"","theme-transparent-header-meta":"","adv-header-id-meta":"","stick-header-meta":"","header-above-stick-meta":"","header-main-stick-meta":"","header-below-stick-meta":"","astra-migrate-meta-layouts":"default","ast-page-background-enabled":"default","ast-page-background-meta":{"desktop":{"background-color":"var(--ast-global-color-4)","background-image":"","background-repeat":"repeat","background-position":"center center","background-size":"auto","background-attachment":"scroll","background-type":"","background-media":"","overlay-type":"","overlay-color":"","overlay-opacity":"","overlay-gradient":""},"tablet":{"background-color":"","background-image":"","background-repeat":"repeat","background-position":"center center","background-size":"auto","background-attachment":"scroll","background-type":"","background-media":"","overlay-type":"","overlay-color":"","overlay-opacity":"","overlay-gradient":""},"mobile":{"background-color":"","background-image":"","background-repeat":"repeat","background-position":"center center","background-size":"auto","background-attachment":"scroll","background-type":"","background-media":"","overlay-type":"","overlay-color":"","overlay-opacity":"","overlay-gradient":""}},"ast-content-background-meta":{"desktop":{"background-color":"var(--ast-global-color-5)","background-image":"","background-repeat":"repeat","background-position":"center center","background-size":"auto","background-attachment":"scroll","background-type":"","background-media":"","overlay-type":"","overlay-color":"","overlay-opacity":"","overlay-gradient":""},"tablet":{"background-color":"var(--ast-global-color-5)","background-image":"","background-repeat":"repeat","background-position":"center center","background-size":"auto","background-attachment":"scroll","background-type":"","background-media":"","overlay-type":"","overlay-color":"","overlay-opacity":"","overlay-gradient":""},"mobile":{"background-color":"var(--ast-global-color-5)","background-image":"","background-repeat":"repeat","background-position":"center center","background-size":"auto","background-attachment":"scroll","background-type":"","background-media":"","overlay-type":"","overlay-color":"","overlay-opacity":"","overlay-gradient":""}},"footnotes":""},"class_list":["post-183","page","type-page","status-publish","hentry"],"_links":{"self":[{"href":"https:\/\/memoriadelasvictorias.com\/index.php\/wp-json\/wp\/v2\/pages\/183","targetHints":{"allow":["GET"]}}],"collection":[{"href":"https:\/\/memoriadelasvictorias.com\/index.php\/wp-json\/wp\/v2\/pages"}],"about":[{"href":"https:\/\/memoriadelasvictorias.com\/index.php\/wp-json\/wp\/v2\/types\/page"}],"author":[{"embeddable":true,"href":"https:\/\/memoriadelasvictorias.com\/index.php\/wp-json\/wp\/v2\/users\/1"}],"replies":[{"embeddable":true,"href":"https:\/\/memoriadelasvictorias.com\/index.php\/wp-json\/wp\/v2\/comments?post=183"}],"version-history":[{"count":121,"href":"https:\/\/memoriadelasvictorias.com\/index.php\/wp-json\/wp\/v2\/pages\/183\/revisions"}],"predecessor-version":[{"id":1625,"href":"https:\/\/memoriadelasvictorias.com\/index.php\/wp-json\/wp\/v2\/pages\/183\/revisions\/1625"}],"wp:attachment":[{"href":"https:\/\/memoriadelasvictorias.com\/index.php\/wp-json\/wp\/v2\/media?parent=183"}],"curies":[{"name":"wp","href":"https:\/\/api.w.org\/{rel}","templated":true}]}}