{"id":1786,"date":"2023-07-28T14:55:41","date_gmt":"2023-07-28T17:55:41","guid":{"rendered":"https:\/\/memoriadelasvictorias.com\/?page_id=1786"},"modified":"2023-10-06T21:29:26","modified_gmt":"2023-10-07T00:29:26","slug":"reflexiones","status":"publish","type":"page","link":"https:\/\/memoriadelasvictorias.com\/index.php\/indice\/la-memoria-continua\/a-40-anos-de-democracia\/reflexiones\/","title":{"rendered":"Reflexiones"},"content":{"rendered":"\t\t<div data-elementor-type=\"wp-page\" data-elementor-id=\"1786\" class=\"elementor elementor-1786\">\n\t\t\t\t\t\t<section class=\"elementor-section elementor-top-section elementor-element elementor-element-2cc9dba elementor-section-boxed elementor-section-height-default elementor-section-height-default\" data-id=\"2cc9dba\" data-element_type=\"section\" data-e-type=\"section\">\n\t\t\t\t\t\t<div class=\"elementor-container elementor-column-gap-default\">\n\t\t\t\t\t<div class=\"elementor-column elementor-col-100 elementor-top-column elementor-element elementor-element-012b403\" data-id=\"012b403\" data-element_type=\"column\" data-e-type=\"column\">\n\t\t\t<div class=\"elementor-widget-wrap elementor-element-populated\">\n\t\t\t\t\t\t<div class=\"elementor-element elementor-element-e9ff1f8 elementor-widget elementor-widget-heading\" data-id=\"e9ff1f8\" data-element_type=\"widget\" data-e-type=\"widget\" data-widget_type=\"heading.default\">\n\t\t\t\t<div class=\"elementor-widget-container\">\n\t\t\t\t\t<h2 class=\"elementor-heading-title elementor-size-default\">Reflexiones<\/h2>\t\t\t\t<\/div>\n\t\t\t\t<\/div>\n\t\t\t\t\t<\/div>\n\t\t<\/div>\n\t\t\t\t\t<\/div>\n\t\t<\/section>\n\t\t\t\t<section class=\"elementor-section elementor-top-section elementor-element elementor-element-bfcb72d elementor-section-boxed elementor-section-height-default elementor-section-height-default\" data-id=\"bfcb72d\" data-element_type=\"section\" data-e-type=\"section\">\n\t\t\t\t\t\t<div class=\"elementor-container elementor-column-gap-default\">\n\t\t\t\t\t<div class=\"elementor-column elementor-col-100 elementor-top-column elementor-element elementor-element-cd79a97\" data-id=\"cd79a97\" data-element_type=\"column\" data-e-type=\"column\">\n\t\t\t<div class=\"elementor-widget-wrap elementor-element-populated\">\n\t\t\t\t\t\t<section class=\"elementor-section elementor-inner-section elementor-element elementor-element-7478e80 fondo-color1 elementor-section-boxed elementor-section-height-default elementor-section-height-default\" data-id=\"7478e80\" data-element_type=\"section\" data-e-type=\"section\">\n\t\t\t\t\t\t<div class=\"elementor-container elementor-column-gap-default\">\n\t\t\t\t\t<div class=\"elementor-column elementor-col-100 elementor-inner-column elementor-element elementor-element-9d2983e\" data-id=\"9d2983e\" data-element_type=\"column\" data-e-type=\"column\">\n\t\t\t<div class=\"elementor-widget-wrap elementor-element-populated\">\n\t\t\t\t\t\t<div class=\"elementor-element elementor-element-2c79f58 elementor-widget elementor-widget-heading\" data-id=\"2c79f58\" data-element_type=\"widget\" data-e-type=\"widget\" data-widget_type=\"heading.default\">\n\t\t\t\t<div class=\"elementor-widget-container\">\n\t\t\t\t\t<h3 class=\"elementor-heading-title elementor-size-default\">Todo est\u00e1 guardado en la memoria<\/h3>\t\t\t\t<\/div>\n\t\t\t\t<\/div>\n\t\t\t\t<div class=\"elementor-element elementor-element-dc34c2d elementor-arrows-position-inside elementor-pagination-position-outside elementor-widget elementor-widget-image-carousel\" data-id=\"dc34c2d\" data-element_type=\"widget\" data-e-type=\"widget\" data-settings=\"{&quot;slides_to_show&quot;:&quot;2&quot;,&quot;autoplay&quot;:&quot;no&quot;,&quot;navigation&quot;:&quot;both&quot;,&quot;infinite&quot;:&quot;yes&quot;,&quot;speed&quot;:500,&quot;image_spacing_custom&quot;:{&quot;unit&quot;:&quot;px&quot;,&quot;size&quot;:20,&quot;sizes&quot;:[]},&quot;image_spacing_custom_tablet&quot;:{&quot;unit&quot;:&quot;px&quot;,&quot;size&quot;:&quot;&quot;,&quot;sizes&quot;:[]},&quot;image_spacing_custom_mobile&quot;:{&quot;unit&quot;:&quot;px&quot;,&quot;size&quot;:&quot;&quot;,&quot;sizes&quot;:[]}}\" data-widget_type=\"image-carousel.default\">\n\t\t\t\t<div class=\"elementor-widget-container\">\n\t\t\t\t\t\t\t<div class=\"elementor-image-carousel-wrapper swiper\" role=\"region\" aria-roledescription=\"carousel\" aria-label=\"Carrusel de im\u00e1genes\" dir=\"ltr\">\n\t\t\t<div class=\"elementor-image-carousel swiper-wrapper\" aria-live=\"polite\">\n\t\t\t\t\t\t\t\t<div class=\"swiper-slide\" role=\"group\" aria-roledescription=\"slide\" aria-label=\"1 of 7\"><figure class=\"swiper-slide-inner\"><img decoding=\"async\" class=\"swiper-slide-image\" src=\"https:\/\/memoriadelasvictorias.com\/wp-content\/uploads\/2023\/09\/reflexiones1.jpg\" alt=\"reflexiones1\" \/><\/figure><\/div><div class=\"swiper-slide\" role=\"group\" aria-roledescription=\"slide\" aria-label=\"2 of 7\"><figure class=\"swiper-slide-inner\"><img decoding=\"async\" class=\"swiper-slide-image\" src=\"https:\/\/memoriadelasvictorias.com\/wp-content\/uploads\/2023\/09\/reflexiones2.jpg\" alt=\"reflexiones2\" \/><\/figure><\/div><div class=\"swiper-slide\" role=\"group\" aria-roledescription=\"slide\" aria-label=\"3 of 7\"><figure class=\"swiper-slide-inner\"><img decoding=\"async\" class=\"swiper-slide-image\" src=\"https:\/\/memoriadelasvictorias.com\/wp-content\/uploads\/2023\/09\/reflexiones3.jpg\" alt=\"reflexiones3\" \/><\/figure><\/div><div class=\"swiper-slide\" role=\"group\" aria-roledescription=\"slide\" aria-label=\"4 of 7\"><figure class=\"swiper-slide-inner\"><img decoding=\"async\" class=\"swiper-slide-image\" src=\"https:\/\/memoriadelasvictorias.com\/wp-content\/uploads\/2023\/09\/reflexiones4.jpg\" alt=\"reflexiones4\" \/><\/figure><\/div><div class=\"swiper-slide\" role=\"group\" aria-roledescription=\"slide\" aria-label=\"5 of 7\"><figure class=\"swiper-slide-inner\"><img decoding=\"async\" class=\"swiper-slide-image\" src=\"https:\/\/memoriadelasvictorias.com\/wp-content\/uploads\/2023\/09\/reflexiones5.jpg\" alt=\"reflexiones5\" \/><\/figure><\/div><div class=\"swiper-slide\" role=\"group\" aria-roledescription=\"slide\" aria-label=\"6 of 7\"><figure class=\"swiper-slide-inner\"><img decoding=\"async\" class=\"swiper-slide-image\" src=\"https:\/\/memoriadelasvictorias.com\/wp-content\/uploads\/2023\/09\/reflexiones6.jpg\" alt=\"reflexiones6\" \/><\/figure><\/div><div class=\"swiper-slide\" role=\"group\" aria-roledescription=\"slide\" aria-label=\"7 of 7\"><figure class=\"swiper-slide-inner\"><img decoding=\"async\" class=\"swiper-slide-image\" src=\"https:\/\/memoriadelasvictorias.com\/wp-content\/uploads\/2023\/09\/reflexiones7.jpg\" alt=\"reflexiones7\" \/><\/figure><\/div>\t\t\t<\/div>\n\t\t\t\t\t\t\t\t\t\t\t\t<div class=\"elementor-swiper-button elementor-swiper-button-prev\" role=\"button\" tabindex=\"0\">\n\t\t\t\t\t\t<i aria-hidden=\"true\" class=\"eicon-chevron-left\"><\/i>\t\t\t\t\t<\/div>\n\t\t\t\t\t<div class=\"elementor-swiper-button elementor-swiper-button-next\" role=\"button\" tabindex=\"0\">\n\t\t\t\t\t\t<i aria-hidden=\"true\" class=\"eicon-chevron-right\"><\/i>\t\t\t\t\t<\/div>\n\t\t\t\t\n\t\t\t\t\t\t\t\t\t<div class=\"swiper-pagination\"><\/div>\n\t\t\t\t\t\t\t\t\t<\/div>\n\t\t\t\t\t\t<\/div>\n\t\t\t\t<\/div>\n\t\t\t\t<div class=\"elementor-element elementor-element-11c69d4 txt-2cols elementor-widget elementor-widget-text-editor\" data-id=\"11c69d4\" data-element_type=\"widget\" data-e-type=\"widget\" data-widget_type=\"text-editor.default\">\n\t\t\t\t<div class=\"elementor-widget-container\">\n\t\t\t\t\t\t\t\t\t<p><span style=\"font-weight: 400;\">En los a\u00f1os 60 y 70\u00a0 la vida en este mismo lugar era otra. Se estaba produciendo un cambio. Algo estaba madurando. Sin saberlo a\u00fan la vida de muchas personas estaba involucrada en una propuesta de cambio para la sociedad, para que esa sociedad sea m\u00e1s justa, m\u00e1s solidaria, m\u00e1s amplia, y mejor para vivir.<\/span><\/p><p><span style=\"font-weight: 400;\">En ese devenir algunos de esos j\u00f3venes comienzan a tomar un compromiso pol\u00edtico entendiendo que el peronismo encarnaba en ese momento los valores aprendidos. Entonces comienzan a militar en organizaciones barriales, universitarias y de trabajadores poniendo en pr\u00e1ctica lo que de a poco hab\u00edan aprendido.<\/span><\/p><p><span style=\"font-weight: 400;\">Es as\u00ed que dentro de sus lugares de militancia encuentran los carriles donde poner directamente en pr\u00e1ctica todo lo madurado en sus a\u00f1os de grupo juvenil. Su formaci\u00f3n los llev\u00f3 a humanizar la militancia pol\u00edtica.\u00a0<\/span><\/p><p><span style=\"font-weight: 400;\">Algunos de esos compa\u00f1eros que entendieron que el compromiso religioso era la militancia pol\u00edtica, fueron alcanzados por la mano larga y atroz de esa Dictadura C\u00edvico Militar y lamentablemente tambi\u00e9n Eclesial que nos alcanz\u00f3 a todos. Algunos a\u00fan est\u00e1n detenidos-desparecidos, ellos son: Alicia Larrubia,\u00a0 sus hijas Nora y Susana Larrubia, el matrimonio de Elisa Triana y Diego Salas,\u00a0 Eduardo Ricci, que hab\u00eda venido desde\u00a0 Bahia Blanca a estudiar a La Plata y Federico Bacchini, sacerdote. Ellos son nuestros m\u00e1rtires. Y el porqu\u00e9 de este homenaje<\/span><\/p><p><span style=\"font-weight: 400;\">Otros compa\u00f1eros sufrieron la c\u00e1rcel, como Beatriz Horrac, Adela Barraza, Gustavo Naser, N\u00e9stor Busso,\u00a0 y otros muchos el exilio interno, algunos y algunas\u00a0 lejos de su\u00a0 patria.\u00a0<\/span><\/p><p><span style=\"font-weight: 400;\">Esa dictadura quiso eliminar lo mejor que ten\u00edamos, nuestros amigos.\u00a0<\/span><\/p><p><span style=\"font-weight: 400;\">Efectivamente eliminaron a los que pudieron, creyeron que de esa forma se eliminaba todo. No contaron con el fermento que qued\u00f3, con que la Verdad siempre pugna por salir a la luz. Empezaron las Madres, las Abuelas, los Familiares, y progresivamente,\u00a0 la sociedad en general fue entendiendo y acompa\u00f1ando. Una lucha constante, siempre pac\u00edfica, marcando un camino de respeto a la Vida, a\u00fan la de los culpables\u00a0 del destino de sus hijos\/hijas, familiares.\u00a0<\/span><\/p><p><span style=\"font-weight: 400;\">Hubo idas y venidas del <\/span>poder pol\u00edtico<span style=\"font-weight: 400;\">. Pretendieron borrar de un plumazo la responsabilidad de los estamentos militares con las leyes de Punto Final y Obediencia Debida. Pero gracias a la militancia de las diferentes organizaciones de derechos humanos y al Estado, sobre todo a partir del 2003 con la llegada de N\u00e9stor y luego Cristina todo esto se pudo revertir, y hoy se encuentran juzgados y condenados\u00a0 por los cr\u00edmenes que cometieron, oportunidad que ellos no le dieron a sus v\u00edctimas.\u00a0\u00a0<\/span><\/p><p><span style=\"font-weight: 400;\">Han transcurrido 40 a\u00f1os desde que comenzamos a vivir en democracia, han nacido nuevas generaciones que no saben, no quieren saber o a las que no se les permite saber esta parte de la historia y por ello son presa f\u00e1cil de discursos violentos.\u00a0<\/span><\/p><p><span style=\"font-weight: 400;\">Quienes hemos vivido las consecuencias de la violencia, del poco respeto a la Vida no podemos silenciarnos y tenemos la obligaci\u00f3n de recordar la historia, de volver a las fuentes del Hombre Nuevo, activo, solidario,\u00a0 que\u00a0 pretenda para los dem\u00e1s lo mismo que para s\u00ed mismo.\u00a0<\/span><\/p><p><span style=\"font-weight: 400;\">Mientras estemos recuperando los valores por los que nuestros compa\u00f1eros y amigos han dado su vida, ellos a\u00fan est\u00e1n entre y\u00a0 con nosotros.<\/span><\/p>\t\t\t\t\t\t\t\t<\/div>\n\t\t\t\t<\/div>\n\t\t\t\t\t<\/div>\n\t\t<\/div>\n\t\t\t\t\t<\/div>\n\t\t<\/section>\n\t\t\t\t\t<\/div>\n\t\t<\/div>\n\t\t\t\t\t<\/div>\n\t\t<\/section>\n\t\t\t\t<section class=\"elementor-section elementor-top-section elementor-element elementor-element-4359cca elementor-section-boxed elementor-section-height-default elementor-section-height-default\" data-id=\"4359cca\" data-element_type=\"section\" data-e-type=\"section\">\n\t\t\t\t\t\t<div class=\"elementor-container elementor-column-gap-default\">\n\t\t\t\t\t<div class=\"elementor-column elementor-col-100 elementor-top-column elementor-element elementor-element-c8afa17\" data-id=\"c8afa17\" data-element_type=\"column\" data-e-type=\"column\">\n\t\t\t<div class=\"elementor-widget-wrap elementor-element-populated\">\n\t\t\t\t\t\t<section class=\"elementor-section elementor-inner-section elementor-element elementor-element-61607bd elementor-section-boxed elementor-section-height-default elementor-section-height-default\" data-id=\"61607bd\" data-element_type=\"section\" data-e-type=\"section\">\n\t\t\t\t\t\t<div class=\"elementor-container elementor-column-gap-default\">\n\t\t\t\t\t<div class=\"elementor-column elementor-col-100 elementor-inner-column elementor-element elementor-element-f76ea2b\" data-id=\"f76ea2b\" data-element_type=\"column\" data-e-type=\"column\">\n\t\t\t<div class=\"elementor-widget-wrap elementor-element-populated\">\n\t\t\t\t\t\t<div class=\"elementor-element elementor-element-9fadb8a elementor-widget elementor-widget-heading\" data-id=\"9fadb8a\" data-element_type=\"widget\" data-e-type=\"widget\" data-widget_type=\"heading.default\">\n\t\t\t\t<div class=\"elementor-widget-container\">\n\t\t\t\t\t<h3 class=\"elementor-heading-title elementor-size-default\">Memoria del futuro: lxs nietxs<\/h3>\t\t\t\t<\/div>\n\t\t\t\t<\/div>\n\t\t\t\t\t<\/div>\n\t\t<\/div>\n\t\t\t\t\t<\/div>\n\t\t<\/section>\n\t\t\t\t<section class=\"elementor-section elementor-inner-section elementor-element elementor-element-f6ad3e8 elementor-section-boxed elementor-section-height-default elementor-section-height-default\" data-id=\"f6ad3e8\" data-element_type=\"section\" data-e-type=\"section\">\n\t\t\t\t\t\t<div class=\"elementor-container elementor-column-gap-default\">\n\t\t\t\t\t<div class=\"elementor-column elementor-col-50 elementor-inner-column elementor-element elementor-element-fe14e83\" data-id=\"fe14e83\" data-element_type=\"column\" data-e-type=\"column\">\n\t\t\t<div class=\"elementor-widget-wrap elementor-element-populated\">\n\t\t\t\t\t\t<div class=\"elementor-element elementor-element-18fa944 elementor-widget elementor-widget-image\" data-id=\"18fa944\" data-element_type=\"widget\" data-e-type=\"widget\" data-widget_type=\"image.default\">\n\t\t\t\t<div class=\"elementor-widget-container\">\n\t\t\t\t\t\t\t\t\t\t\t\t\t\t\t<img fetchpriority=\"high\" decoding=\"async\" width=\"800\" height=\"454\" src=\"https:\/\/memoriadelasvictorias.com\/wp-content\/uploads\/2023\/10\/hermanos2.jpg\" class=\"attachment-large size-large wp-image-2037\" alt=\"\" srcset=\"https:\/\/memoriadelasvictorias.com\/wp-content\/uploads\/2023\/10\/hermanos2.jpg 800w, https:\/\/memoriadelasvictorias.com\/wp-content\/uploads\/2023\/10\/hermanos2-300x170.jpg 300w, https:\/\/memoriadelasvictorias.com\/wp-content\/uploads\/2023\/10\/hermanos2-768x436.jpg 768w\" sizes=\"(max-width: 800px) 100vw, 800px\" \/>\t\t\t\t\t\t\t\t\t\t\t\t\t\t\t<\/div>\n\t\t\t\t<\/div>\n\t\t\t\t\t<\/div>\n\t\t<\/div>\n\t\t\t\t<div class=\"elementor-column elementor-col-50 elementor-inner-column elementor-element elementor-element-a17dda2\" data-id=\"a17dda2\" data-element_type=\"column\" data-e-type=\"column\">\n\t\t\t<div class=\"elementor-widget-wrap elementor-element-populated\">\n\t\t\t\t\t\t<div class=\"elementor-element elementor-element-4603406 elementor-widget elementor-widget-html\" data-id=\"4603406\" data-element_type=\"widget\" data-e-type=\"widget\" data-widget_type=\"html.default\">\n\t\t\t\t<div class=\"elementor-widget-container\">\n\t\t\t\t\t<div style=\"text-align:left\"><audio src=\"http:\/\/memoriadelasvictorias.com\/wp-content\/uploads\/2023\/10\/audio-juana.ogg\" controls id=\"rep-audio\"><\/audio><\/div>\t\t\t\t<\/div>\n\t\t\t\t<\/div>\n\t\t\t\t\t<\/div>\n\t\t<\/div>\n\t\t\t\t\t<\/div>\n\t\t<\/section>\n\t\t\t\t<section class=\"elementor-section elementor-inner-section elementor-element elementor-element-c241ee3 elementor-section-boxed elementor-section-height-default elementor-section-height-default\" data-id=\"c241ee3\" data-element_type=\"section\" data-e-type=\"section\">\n\t\t\t\t\t\t<div class=\"elementor-container elementor-column-gap-default\">\n\t\t\t\t\t<div class=\"elementor-column elementor-col-50 elementor-inner-column elementor-element elementor-element-afa7ef2\" data-id=\"afa7ef2\" data-element_type=\"column\" data-e-type=\"column\">\n\t\t\t<div class=\"elementor-widget-wrap elementor-element-populated\">\n\t\t\t\t\t\t<div class=\"elementor-element elementor-element-aa9cab8 elementor-widget elementor-widget-image\" data-id=\"aa9cab8\" data-element_type=\"widget\" data-e-type=\"widget\" data-widget_type=\"image.default\">\n\t\t\t\t<div class=\"elementor-widget-container\">\n\t\t\t\t\t\t\t\t\t\t\t\t\t\t\t<img decoding=\"async\" width=\"800\" height=\"454\" src=\"https:\/\/memoriadelasvictorias.com\/wp-content\/uploads\/2023\/10\/foto-maca2.jpg\" class=\"attachment-large size-large wp-image-2035\" alt=\"\" srcset=\"https:\/\/memoriadelasvictorias.com\/wp-content\/uploads\/2023\/10\/foto-maca2.jpg 800w, https:\/\/memoriadelasvictorias.com\/wp-content\/uploads\/2023\/10\/foto-maca2-300x170.jpg 300w, https:\/\/memoriadelasvictorias.com\/wp-content\/uploads\/2023\/10\/foto-maca2-768x436.jpg 768w\" sizes=\"(max-width: 800px) 100vw, 800px\" \/>\t\t\t\t\t\t\t\t\t\t\t\t\t\t\t<\/div>\n\t\t\t\t<\/div>\n\t\t\t\t\t<\/div>\n\t\t<\/div>\n\t\t\t\t<div class=\"elementor-column elementor-col-50 elementor-inner-column elementor-element elementor-element-80d4c10\" data-id=\"80d4c10\" data-element_type=\"column\" data-e-type=\"column\">\n\t\t\t<div class=\"elementor-widget-wrap elementor-element-populated\">\n\t\t\t\t\t\t<div class=\"elementor-element elementor-element-44e0867 elementor-widget elementor-widget-video\" data-id=\"44e0867\" data-element_type=\"widget\" data-e-type=\"widget\" data-settings=\"{&quot;video_type&quot;:&quot;hosted&quot;,&quot;controls&quot;:&quot;yes&quot;}\" data-widget_type=\"video.default\">\n\t\t\t\t<div class=\"elementor-widget-container\">\n\t\t\t\t\t\t\t<div class=\"e-hosted-video elementor-wrapper elementor-open-inline\">\n\t\t\t\t\t<video class=\"elementor-video\" src=\"http:\/\/memoriadelasvictorias.com\/wp-content\/uploads\/2023\/10\/video-maca.mp4\" controls=\"\" preload=\"metadata\" controlsList=\"nodownload\"><\/video>\n\t\t\t\t<\/div>\n\t\t\t\t\t\t<\/div>\n\t\t\t\t<\/div>\n\t\t\t\t\t<\/div>\n\t\t<\/div>\n\t\t\t\t\t<\/div>\n\t\t<\/section>\n\t\t\t\t<section class=\"elementor-section elementor-inner-section elementor-element elementor-element-ba05e5d elementor-section-boxed elementor-section-height-default elementor-section-height-default\" data-id=\"ba05e5d\" data-element_type=\"section\" data-e-type=\"section\">\n\t\t\t\t\t\t<div class=\"elementor-container elementor-column-gap-default\">\n\t\t\t\t\t<div class=\"elementor-column elementor-col-50 elementor-inner-column elementor-element elementor-element-8d8602f\" data-id=\"8d8602f\" data-element_type=\"column\" data-e-type=\"column\">\n\t\t\t<div class=\"elementor-widget-wrap elementor-element-populated\">\n\t\t\t\t\t\t<div class=\"elementor-element elementor-element-8eba497 elementor-widget elementor-widget-image\" data-id=\"8eba497\" data-element_type=\"widget\" data-e-type=\"widget\" data-widget_type=\"image.default\">\n\t\t\t\t<div class=\"elementor-widget-container\">\n\t\t\t\t\t\t\t\t\t\t\t\t\t\t\t<img decoding=\"async\" width=\"800\" height=\"454\" src=\"https:\/\/memoriadelasvictorias.com\/wp-content\/uploads\/2023\/10\/reflexiones10a.jpg\" class=\"attachment-large size-large wp-image-2036\" alt=\"\" srcset=\"https:\/\/memoriadelasvictorias.com\/wp-content\/uploads\/2023\/10\/reflexiones10a.jpg 800w, https:\/\/memoriadelasvictorias.com\/wp-content\/uploads\/2023\/10\/reflexiones10a-300x170.jpg 300w, https:\/\/memoriadelasvictorias.com\/wp-content\/uploads\/2023\/10\/reflexiones10a-768x436.jpg 768w\" sizes=\"(max-width: 800px) 100vw, 800px\" \/>\t\t\t\t\t\t\t\t\t\t\t\t\t\t\t<\/div>\n\t\t\t\t<\/div>\n\t\t\t\t\t<\/div>\n\t\t<\/div>\n\t\t\t\t<div class=\"elementor-column elementor-col-50 elementor-inner-column elementor-element elementor-element-26374e4\" data-id=\"26374e4\" data-element_type=\"column\" data-e-type=\"column\" data-settings=\"{&quot;background_background&quot;:&quot;classic&quot;}\">\n\t\t\t<div class=\"elementor-widget-wrap elementor-element-populated\">\n\t\t\t\t\t\t<div class=\"elementor-element elementor-element-33d0b4c elementor-widget elementor-widget-video\" data-id=\"33d0b4c\" data-element_type=\"widget\" data-e-type=\"widget\" data-settings=\"{&quot;video_type&quot;:&quot;hosted&quot;,&quot;controls&quot;:&quot;yes&quot;}\" data-widget_type=\"video.default\">\n\t\t\t\t<div class=\"elementor-widget-container\">\n\t\t\t\t\t\t\t<div class=\"e-hosted-video elementor-wrapper elementor-open-inline\">\n\t\t\t\t\t<video class=\"elementor-video\" src=\"http:\/\/memoriadelasvictorias.com\/wp-content\/uploads\/2023\/09\/video-su-y-eva-2.mp4\" controls=\"\" preload=\"metadata\" controlsList=\"nodownload\"><\/video>\n\t\t\t\t<\/div>\n\t\t\t\t\t\t<\/div>\n\t\t\t\t<\/div>\n\t\t\t\t\t<\/div>\n\t\t<\/div>\n\t\t\t\t\t<\/div>\n\t\t<\/section>\n\t\t\t\t<section class=\"elementor-section elementor-inner-section elementor-element elementor-element-9560bf7 elementor-section-boxed elementor-section-height-default elementor-section-height-default\" data-id=\"9560bf7\" data-element_type=\"section\" data-e-type=\"section\">\n\t\t\t\t\t\t<div class=\"elementor-container elementor-column-gap-default\">\n\t\t\t\t\t<div class=\"elementor-column elementor-col-50 elementor-inner-column elementor-element elementor-element-edd9c0d\" data-id=\"edd9c0d\" data-element_type=\"column\" data-e-type=\"column\">\n\t\t\t<div class=\"elementor-widget-wrap elementor-element-populated\">\n\t\t\t\t\t\t<div class=\"elementor-element elementor-element-93634dd elementor-widget elementor-widget-image\" data-id=\"93634dd\" data-element_type=\"widget\" data-e-type=\"widget\" data-widget_type=\"image.default\">\n\t\t\t\t<div class=\"elementor-widget-container\">\n\t\t\t\t\t\t\t\t\t\t\t\t\t\t\t<img loading=\"lazy\" decoding=\"async\" width=\"600\" height=\"800\" src=\"https:\/\/memoriadelasvictorias.com\/wp-content\/uploads\/2023\/09\/piezas-rojas.jpg\" class=\"attachment-large size-large wp-image-2013\" alt=\"\" srcset=\"https:\/\/memoriadelasvictorias.com\/wp-content\/uploads\/2023\/09\/piezas-rojas.jpg 600w, https:\/\/memoriadelasvictorias.com\/wp-content\/uploads\/2023\/09\/piezas-rojas-225x300.jpg 225w\" sizes=\"(max-width: 600px) 100vw, 600px\" \/>\t\t\t\t\t\t\t\t\t\t\t\t\t\t\t<\/div>\n\t\t\t\t<\/div>\n\t\t\t\t\t<\/div>\n\t\t<\/div>\n\t\t\t\t<div class=\"elementor-column elementor-col-50 elementor-inner-column elementor-element elementor-element-7a22020\" data-id=\"7a22020\" data-element_type=\"column\" data-e-type=\"column\" data-settings=\"{&quot;background_background&quot;:&quot;classic&quot;}\">\n\t\t\t<div class=\"elementor-widget-wrap elementor-element-populated\">\n\t\t\t\t\t\t<div class=\"elementor-element elementor-element-7e310ca elementor-widget elementor-widget-heading\" data-id=\"7e310ca\" data-element_type=\"widget\" data-e-type=\"widget\" data-widget_type=\"heading.default\">\n\t\t\t\t<div class=\"elementor-widget-container\">\n\t\t\t\t\t<h2 class=\"elementor-heading-title elementor-size-default\">Piezas rojas<\/h2>\t\t\t\t<\/div>\n\t\t\t\t<\/div>\n\t\t\t\t<div class=\"elementor-element elementor-element-c0539d5 elementor-widget elementor-widget-text-editor\" data-id=\"c0539d5\" data-element_type=\"widget\" data-e-type=\"widget\" data-widget_type=\"text-editor.default\">\n\t\t\t\t<div class=\"elementor-widget-container\">\n\t\t\t\t\t\t\t\t\t<p>Piezas rojas que brillan<br \/>con la intensidad de aquellos que alzan su voz,<br \/>Piezas rojas que se encastran,<br \/>con la solidez de aquellos que construyen una realidad nueva.<br \/>Piezas rojas que se tejen,<br \/>como fuertes hilos de una red sin fin para contener el mundo.<br \/>Piezas rojas que transforman,<br \/>desde la acci\u00f3n individual, como potente motor que impulsa<br \/>la acci\u00f3n colectiva hacia un horizonte de cambio.<\/p><p>Cada pieza, una esperanza,<br \/>Cada pieza, una memoria del pasado<br \/>y, porque no, una memoria del futuro,<br \/>que nos recuerda vivir con intensidad y fuerza,<br \/>para encastrarnos y transformar.<\/p><p>Que estas piezas que brillan y se tejen<br \/>nos gu\u00eden para seguir luchando<br \/>por un mundo nuevo.<\/p>\t\t\t\t\t\t\t\t<\/div>\n\t\t\t\t<\/div>\n\t\t\t\t\t<\/div>\n\t\t<\/div>\n\t\t\t\t\t<\/div>\n\t\t<\/section>\n\t\t\t\t\t<\/div>\n\t\t<\/div>\n\t\t\t\t\t<\/div>\n\t\t<\/section>\n\t\t\t\t<section class=\"elementor-section elementor-top-section elementor-element elementor-element-37bb1d3 elementor-section-boxed elementor-section-height-default elementor-section-height-default\" data-id=\"37bb1d3\" data-element_type=\"section\" data-e-type=\"section\">\n\t\t\t\t\t\t<div class=\"elementor-container elementor-column-gap-default\">\n\t\t\t\t\t<div class=\"elementor-column elementor-col-100 elementor-top-column elementor-element elementor-element-c739d85\" data-id=\"c739d85\" data-element_type=\"column\" data-e-type=\"column\">\n\t\t\t<div class=\"elementor-widget-wrap elementor-element-populated\">\n\t\t\t\t\t\t<section class=\"elementor-section elementor-inner-section elementor-element elementor-element-8623c21 elementor-section-boxed elementor-section-height-default elementor-section-height-default\" data-id=\"8623c21\" data-element_type=\"section\" data-e-type=\"section\">\n\t\t\t\t\t\t<div class=\"elementor-container elementor-column-gap-default\">\n\t\t\t\t\t<div class=\"elementor-column elementor-col-50 elementor-inner-column elementor-element elementor-element-8cdc8ee\" data-id=\"8cdc8ee\" data-element_type=\"column\" data-e-type=\"column\">\n\t\t\t<div class=\"elementor-widget-wrap elementor-element-populated\">\n\t\t\t\t\t\t<div class=\"elementor-element elementor-element-dfb8d5a elementor-widget elementor-widget-heading\" data-id=\"dfb8d5a\" data-element_type=\"widget\" data-e-type=\"widget\" data-widget_type=\"heading.default\">\n\t\t\t\t<div class=\"elementor-widget-container\">\n\t\t\t\t\t<h3 class=\"elementor-heading-title elementor-size-default\">Pensamos juntxs<\/h3>\t\t\t\t<\/div>\n\t\t\t\t<\/div>\n\t\t\t\t<div class=\"elementor-element elementor-element-1ad96b4 elementor-widget elementor-widget-html\" data-id=\"1ad96b4\" data-element_type=\"widget\" data-e-type=\"widget\" data-widget_type=\"html.default\">\n\t\t\t\t<div class=\"elementor-widget-container\">\n\t\t\t\t\t<div style=\"text-align:left\"><audio src=\"http:\/\/memoriadelasvictorias.com\/wp-content\/uploads\/2023\/07\/ruben2.mp4\" controls id=\"rep-audio\"><\/audio><\/div>\t\t\t\t<\/div>\n\t\t\t\t<\/div>\n\t\t\t\t<div class=\"elementor-element elementor-element-c71b732 elementor-widget elementor-widget-text-editor\" data-id=\"c71b732\" data-element_type=\"widget\" data-e-type=\"widget\" data-widget_type=\"text-editor.default\">\n\t\t\t\t<div class=\"elementor-widget-container\">\n\t\t\t\t\t\t\t\t\t<p>Rub\u00e9n Capitanio vivi\u00f3 como seminarista en la parroquia Nuestra Se\u00f1ora de la Victoria mientras cursaba en el Seminario de La Plata, se incorpor\u00f3 a la vida parroquial, donde dice \u201cque aprendi\u00f3 a vivir como cristiano y\u00a0 futuro sacerdote\u201d. Se ofreci\u00f3 como mediador durante el mot\u00edn en la c\u00e1rcel de Olmos en 1973. Se orden\u00f3 en 1975 y el 4 de agosto de 1976 el Arzobispo de La Plata, Monse\u00f1or Plaza, le advirti\u00f3 que no durmiera en La Plata. Desde entonces sirvi\u00f3 en la Di\u00f3cesis de Neuqu\u00e9n. Declar\u00f3 ante el Tribunal Oral Federal N\u00ba 1 de La Plata en donde dijo que <strong>\u201cla Iglesia es responsable de las vidas que no salv\u00f3 durante el \u00faltimo proceso militar. La Iglesia es una de las madres que no busc\u00f3 a sus hijos\u2026 tuvo una conducta dolorosa y hasta que no reconozcamos este comportamiento seremos una Iglesia infiel. Evit\u00f3 estar cerca de los crucificados y no de los crucificadores\u201d<\/strong>.<\/p>\t\t\t\t\t\t\t\t<\/div>\n\t\t\t\t<\/div>\n\t\t\t\t\t<\/div>\n\t\t<\/div>\n\t\t\t\t<div class=\"elementor-column elementor-col-50 elementor-inner-column elementor-element elementor-element-760ef93\" data-id=\"760ef93\" data-element_type=\"column\" data-e-type=\"column\">\n\t\t\t<div class=\"elementor-widget-wrap elementor-element-populated\">\n\t\t\t\t\t\t<div class=\"elementor-element elementor-element-c0b28ab elementor-widget elementor-widget-image\" data-id=\"c0b28ab\" data-element_type=\"widget\" data-e-type=\"widget\" data-widget_type=\"image.default\">\n\t\t\t\t<div class=\"elementor-widget-container\">\n\t\t\t\t\t\t\t\t\t\t\t\t\t\t\t<img loading=\"lazy\" decoding=\"async\" width=\"800\" height=\"600\" src=\"https:\/\/memoriadelasvictorias.com\/wp-content\/uploads\/2023\/07\/ruben-capitanio2.jpg\" class=\"attachment-1536x1536 size-1536x1536 wp-image-1600\" alt=\"\" srcset=\"https:\/\/memoriadelasvictorias.com\/wp-content\/uploads\/2023\/07\/ruben-capitanio2.jpg 800w, https:\/\/memoriadelasvictorias.com\/wp-content\/uploads\/2023\/07\/ruben-capitanio2-300x225.jpg 300w, https:\/\/memoriadelasvictorias.com\/wp-content\/uploads\/2023\/07\/ruben-capitanio2-768x576.jpg 768w\" sizes=\"(max-width: 800px) 100vw, 800px\" \/>\t\t\t\t\t\t\t\t\t\t\t\t\t\t\t<\/div>\n\t\t\t\t<\/div>\n\t\t\t\t\t<\/div>\n\t\t<\/div>\n\t\t\t\t\t<\/div>\n\t\t<\/section>\n\t\t\t\t\t<\/div>\n\t\t<\/div>\n\t\t\t\t\t<\/div>\n\t\t<\/section>\n\t\t\t\t<section class=\"elementor-section elementor-top-section elementor-element elementor-element-79b0889 elementor-section-boxed elementor-section-height-default elementor-section-height-default\" data-id=\"79b0889\" data-element_type=\"section\" data-e-type=\"section\">\n\t\t\t\t\t\t<div class=\"elementor-container elementor-column-gap-default\">\n\t\t\t\t\t<div class=\"elementor-column elementor-col-100 elementor-top-column elementor-element elementor-element-9ee4948\" data-id=\"9ee4948\" data-element_type=\"column\" data-e-type=\"column\">\n\t\t\t<div class=\"elementor-widget-wrap elementor-element-populated\">\n\t\t\t\t\t\t<section class=\"elementor-section elementor-inner-section elementor-element elementor-element-831dd2c elementor-section-boxed elementor-section-height-default elementor-section-height-default\" data-id=\"831dd2c\" data-element_type=\"section\" data-e-type=\"section\">\n\t\t\t\t\t\t<div class=\"elementor-container elementor-column-gap-default\">\n\t\t\t\t\t<div class=\"elementor-column elementor-col-50 elementor-inner-column elementor-element elementor-element-220fcae\" data-id=\"220fcae\" data-element_type=\"column\" data-e-type=\"column\">\n\t\t\t<div class=\"elementor-widget-wrap elementor-element-populated\">\n\t\t\t\t\t\t<div class=\"elementor-element elementor-element-86a32af elementor-widget elementor-widget-image\" data-id=\"86a32af\" data-element_type=\"widget\" data-e-type=\"widget\" data-widget_type=\"image.default\">\n\t\t\t\t<div class=\"elementor-widget-container\">\n\t\t\t\t\t\t\t\t\t\t\t\t\t\t\t<img loading=\"lazy\" decoding=\"async\" width=\"800\" height=\"600\" src=\"https:\/\/memoriadelasvictorias.com\/wp-content\/uploads\/2023\/07\/nosdespedimos1.jpg\" class=\"attachment-1536x1536 size-1536x1536 wp-image-1550\" alt=\"\" srcset=\"https:\/\/memoriadelasvictorias.com\/wp-content\/uploads\/2023\/07\/nosdespedimos1.jpg 800w, https:\/\/memoriadelasvictorias.com\/wp-content\/uploads\/2023\/07\/nosdespedimos1-300x225.jpg 300w, https:\/\/memoriadelasvictorias.com\/wp-content\/uploads\/2023\/07\/nosdespedimos1-768x576.jpg 768w\" sizes=\"(max-width: 800px) 100vw, 800px\" \/>\t\t\t\t\t\t\t\t\t\t\t\t\t\t\t<\/div>\n\t\t\t\t<\/div>\n\t\t\t\t\t<\/div>\n\t\t<\/div>\n\t\t\t\t<div class=\"elementor-column elementor-col-50 elementor-inner-column elementor-element elementor-element-3afb304\" data-id=\"3afb304\" data-element_type=\"column\" data-e-type=\"column\">\n\t\t\t<div class=\"elementor-widget-wrap elementor-element-populated\">\n\t\t\t\t\t\t<div class=\"elementor-element elementor-element-0d629a8 elementor-widget elementor-widget-heading\" data-id=\"0d629a8\" data-element_type=\"widget\" data-e-type=\"widget\" data-widget_type=\"heading.default\">\n\t\t\t\t<div class=\"elementor-widget-container\">\n\t\t\t\t\t<h3 class=\"elementor-heading-title elementor-size-default\">Y por siempre las Madres<\/h3>\t\t\t\t<\/div>\n\t\t\t\t<\/div>\n\t\t\t\t<div class=\"elementor-element elementor-element-baec2d1 elementor-widget elementor-widget-html\" data-id=\"baec2d1\" data-element_type=\"widget\" data-e-type=\"widget\" data-widget_type=\"html.default\">\n\t\t\t\t<div class=\"elementor-widget-container\">\n\t\t\t\t\t<div style=\"text-align:left\"><audio src=\"http:\/\/memoriadelasvictorias.com\/wp-content\/uploads\/2023\/09\/Audio-Tati-Almeida.ogg\" controls id=\"rep-audio\"><\/audio><\/div>\t\t\t\t<\/div>\n\t\t\t\t<\/div>\n\t\t\t\t\t<\/div>\n\t\t<\/div>\n\t\t\t\t\t<\/div>\n\t\t<\/section>\n\t\t\t\t\t<\/div>\n\t\t<\/div>\n\t\t\t\t\t<\/div>\n\t\t<\/section>\n\t\t\t\t<\/div>\n\t\t","protected":false},"excerpt":{"rendered":"<p>Reflexiones Todo est\u00e1 guardado en la memoria En los a\u00f1os 60 y 70\u00a0 la vida en este mismo lugar era otra. Se estaba produciendo un cambio. Algo estaba madurando. Sin saberlo a\u00fan la vida de muchas personas estaba involucrada en una propuesta de cambio para la sociedad, para que esa sociedad sea m\u00e1s justa, m\u00e1s [&hellip;]<\/p>\n","protected":false},"author":1,"featured_media":0,"parent":1478,"menu_order":0,"comment_status":"closed","ping_status":"closed","template":"","meta":{"site-sidebar-layout":"no-sidebar","site-content-layout":"page-builder","ast-site-content-layout":"default","site-content-style":"default","site-sidebar-style":"default","ast-global-header-display":"","ast-banner-title-visibility":"","ast-main-header-display":"","ast-hfb-above-header-display":"","ast-hfb-below-header-display":"","ast-hfb-mobile-header-display":"","site-post-title":"disabled","ast-breadcrumbs-content":"","ast-featured-img":"disabled","footer-sml-layout":"","ast-disable-related-posts":"","theme-transparent-header-meta":"","adv-header-id-meta":"","stick-header-meta":"","header-above-stick-meta":"","header-main-stick-meta":"","header-below-stick-meta":"","astra-migrate-meta-layouts":"default","ast-page-background-enabled":"default","ast-page-background-meta":{"desktop":{"background-color":"var(--ast-global-color-4)","background-image":"","background-repeat":"repeat","background-position":"center center","background-size":"auto","background-attachment":"scroll","background-type":"","background-media":"","overlay-type":"","overlay-color":"","overlay-opacity":"","overlay-gradient":""},"tablet":{"background-color":"","background-image":"","background-repeat":"repeat","background-position":"center center","background-size":"auto","background-attachment":"scroll","background-type":"","background-media":"","overlay-type":"","overlay-color":"","overlay-opacity":"","overlay-gradient":""},"mobile":{"background-color":"","background-image":"","background-repeat":"repeat","background-position":"center center","background-size":"auto","background-attachment":"scroll","background-type":"","background-media":"","overlay-type":"","overlay-color":"","overlay-opacity":"","overlay-gradient":""}},"ast-content-background-meta":{"desktop":{"background-color":"var(--ast-global-color-5)","background-image":"","background-repeat":"repeat","background-position":"center center","background-size":"auto","background-attachment":"scroll","background-type":"","background-media":"","overlay-type":"","overlay-color":"","overlay-opacity":"","overlay-gradient":""},"tablet":{"background-color":"var(--ast-global-color-5)","background-image":"","background-repeat":"repeat","background-position":"center center","background-size":"auto","background-attachment":"scroll","background-type":"","background-media":"","overlay-type":"","overlay-color":"","overlay-opacity":"","overlay-gradient":""},"mobile":{"background-color":"var(--ast-global-color-5)","background-image":"","background-repeat":"repeat","background-position":"center center","background-size":"auto","background-attachment":"scroll","background-type":"","background-media":"","overlay-type":"","overlay-color":"","overlay-opacity":"","overlay-gradient":""}},"footnotes":""},"class_list":["post-1786","page","type-page","status-publish","hentry"],"_links":{"self":[{"href":"https:\/\/memoriadelasvictorias.com\/index.php\/wp-json\/wp\/v2\/pages\/1786","targetHints":{"allow":["GET"]}}],"collection":[{"href":"https:\/\/memoriadelasvictorias.com\/index.php\/wp-json\/wp\/v2\/pages"}],"about":[{"href":"https:\/\/memoriadelasvictorias.com\/index.php\/wp-json\/wp\/v2\/types\/page"}],"author":[{"embeddable":true,"href":"https:\/\/memoriadelasvictorias.com\/index.php\/wp-json\/wp\/v2\/users\/1"}],"replies":[{"embeddable":true,"href":"https:\/\/memoriadelasvictorias.com\/index.php\/wp-json\/wp\/v2\/comments?post=1786"}],"version-history":[{"count":31,"href":"https:\/\/memoriadelasvictorias.com\/index.php\/wp-json\/wp\/v2\/pages\/1786\/revisions"}],"predecessor-version":[{"id":2065,"href":"https:\/\/memoriadelasvictorias.com\/index.php\/wp-json\/wp\/v2\/pages\/1786\/revisions\/2065"}],"up":[{"embeddable":true,"href":"https:\/\/memoriadelasvictorias.com\/index.php\/wp-json\/wp\/v2\/pages\/1478"}],"wp:attachment":[{"href":"https:\/\/memoriadelasvictorias.com\/index.php\/wp-json\/wp\/v2\/media?parent=1786"}],"curies":[{"name":"wp","href":"https:\/\/api.w.org\/{rel}","templated":true}]}}