{"id":1470,"date":"2023-07-18T11:44:38","date_gmt":"2023-07-18T14:44:38","guid":{"rendered":"https:\/\/memoriadelasvictorias.com\/?page_id=1470"},"modified":"2023-07-26T17:52:54","modified_gmt":"2023-07-26T20:52:54","slug":"volvimos-al-bim","status":"publish","type":"page","link":"https:\/\/memoriadelasvictorias.com\/index.php\/indice\/la-memoria-continua\/volvimos-al-bim\/","title":{"rendered":"Volvimos al BIM"},"content":{"rendered":"\t\t<div data-elementor-type=\"wp-page\" data-elementor-id=\"1470\" class=\"elementor elementor-1470\">\n\t\t\t\t\t\t<section class=\"elementor-section elementor-top-section elementor-element elementor-element-f5c4906 elementor-section-boxed elementor-section-height-default elementor-section-height-default\" data-id=\"f5c4906\" data-element_type=\"section\" data-e-type=\"section\">\n\t\t\t\t\t\t<div class=\"elementor-container elementor-column-gap-default\">\n\t\t\t\t\t<div class=\"elementor-column elementor-col-100 elementor-top-column elementor-element elementor-element-b25f594\" data-id=\"b25f594\" data-element_type=\"column\" data-e-type=\"column\">\n\t\t\t<div class=\"elementor-widget-wrap elementor-element-populated\">\n\t\t\t\t\t\t<div class=\"elementor-element elementor-element-ff38dd7 elementor-widget elementor-widget-heading\" data-id=\"ff38dd7\" data-element_type=\"widget\" data-e-type=\"widget\" data-widget_type=\"heading.default\">\n\t\t\t\t<div class=\"elementor-widget-container\">\n\t\t\t\t\t<h2 class=\"elementor-heading-title elementor-size-default\">Volvimos al BIM<\/h2>\t\t\t\t<\/div>\n\t\t\t\t<\/div>\n\t\t\t\t<section class=\"elementor-section elementor-inner-section elementor-element elementor-element-9ed37fa elementor-section-boxed elementor-section-height-default elementor-section-height-default\" data-id=\"9ed37fa\" data-element_type=\"section\" data-e-type=\"section\">\n\t\t\t\t\t\t<div class=\"elementor-container elementor-column-gap-default\">\n\t\t\t\t\t<div class=\"elementor-column elementor-col-100 elementor-inner-column elementor-element elementor-element-40dd964\" data-id=\"40dd964\" data-element_type=\"column\" data-e-type=\"column\">\n\t\t\t<div class=\"elementor-widget-wrap elementor-element-populated\">\n\t\t\t\t\t\t<div class=\"elementor-element elementor-element-c05fb6f elementor-widget elementor-widget-text-editor\" data-id=\"c05fb6f\" data-element_type=\"widget\" data-e-type=\"widget\" data-widget_type=\"text-editor.default\">\n\t\t\t\t<div class=\"elementor-widget-container\">\n\t\t\t\t\t\t\t\t\t<p><span style=\"font-weight: 400;\">En 2016, la Facultad de Psicolog\u00eda emplazada en el predio del ex BIM 3 nos propone un nuevo escenario para <\/span><b>construir memoria<\/b><span style=\"font-weight: 400;\"> enlazando historias: las algunxs de lxs miembrxs de Memoria de las Victorias, la de la Facultad, la de la militancia de Berisso y Ensenada durante los a\u00f1os de la Dictadura Militar y el presente de esa comunidad universitaria.<\/span><\/p>\t\t\t\t\t\t\t\t<\/div>\n\t\t\t\t<\/div>\n\t\t\t\t<div class=\"elementor-element elementor-element-2767d1f elementor-widget elementor-widget-text-editor\" data-id=\"2767d1f\" data-element_type=\"widget\" data-e-type=\"widget\" data-widget_type=\"text-editor.default\">\n\t\t\t\t<div class=\"elementor-widget-container\">\n\t\t\t\t\t\t\t\t\t<p>Generamos un espacio de reflexi\u00f3n y memoria en el camino de acceso a la Facultad de Psicolog\u00eda.\u00a0<br \/>All\u00ed funcion\u00f3 el Centro Clandestino de Detenci\u00f3n BIM 3 donde estuvieron detenidxs Adela Barraza, Gustavo Naser y Beatriz Horrac a principios de abril de 1976.\u00a0 Gustavo fue liberado d\u00edas despu\u00e9s, Adela y Beatriz fueron trasladadas al penal de Olmos y luego al de Villa Devoto.<\/p>\t\t\t\t\t\t\t\t<\/div>\n\t\t\t\t<\/div>\n\t\t\t\t\t<\/div>\n\t\t<\/div>\n\t\t\t\t\t<\/div>\n\t\t<\/section>\n\t\t\t\t<section class=\"elementor-section elementor-inner-section elementor-element elementor-element-a4a887a elementor-section-boxed elementor-section-height-default elementor-section-height-default\" data-id=\"a4a887a\" data-element_type=\"section\" data-e-type=\"section\">\n\t\t\t\t\t\t<div class=\"elementor-container elementor-column-gap-default\">\n\t\t\t\t\t<div class=\"elementor-column elementor-col-100 elementor-inner-column elementor-element elementor-element-4f1a34f\" data-id=\"4f1a34f\" data-element_type=\"column\" data-e-type=\"column\">\n\t\t\t<div class=\"elementor-widget-wrap elementor-element-populated\">\n\t\t\t\t\t\t<div class=\"elementor-element elementor-element-22cbab9 elementor-arrows-position-inside elementor-pagination-position-outside elementor-widget elementor-widget-image-carousel\" data-id=\"22cbab9\" data-element_type=\"widget\" data-e-type=\"widget\" data-settings=\"{&quot;slides_to_show&quot;:&quot;2&quot;,&quot;autoplay&quot;:&quot;no&quot;,&quot;navigation&quot;:&quot;both&quot;,&quot;infinite&quot;:&quot;yes&quot;,&quot;speed&quot;:500,&quot;image_spacing_custom&quot;:{&quot;unit&quot;:&quot;px&quot;,&quot;size&quot;:20,&quot;sizes&quot;:[]},&quot;image_spacing_custom_tablet&quot;:{&quot;unit&quot;:&quot;px&quot;,&quot;size&quot;:&quot;&quot;,&quot;sizes&quot;:[]},&quot;image_spacing_custom_mobile&quot;:{&quot;unit&quot;:&quot;px&quot;,&quot;size&quot;:&quot;&quot;,&quot;sizes&quot;:[]}}\" data-widget_type=\"image-carousel.default\">\n\t\t\t\t<div class=\"elementor-widget-container\">\n\t\t\t\t\t\t\t<div class=\"elementor-image-carousel-wrapper swiper\" role=\"region\" aria-roledescription=\"carousel\" aria-label=\"Carrusel de im\u00e1genes\" dir=\"ltr\">\n\t\t\t<div class=\"elementor-image-carousel swiper-wrapper\" aria-live=\"polite\">\n\t\t\t\t\t\t\t\t<div class=\"swiper-slide\" role=\"group\" aria-roledescription=\"slide\" aria-label=\"1 of 2\"><figure class=\"swiper-slide-inner\"><img decoding=\"async\" class=\"swiper-slide-image\" src=\"https:\/\/memoriadelasvictorias.com\/wp-content\/uploads\/2023\/07\/bim.jpg\" alt=\"bim\" \/><\/figure><\/div><div class=\"swiper-slide\" role=\"group\" aria-roledescription=\"slide\" aria-label=\"2 of 2\"><figure class=\"swiper-slide-inner\"><img decoding=\"async\" class=\"swiper-slide-image\" src=\"https:\/\/memoriadelasvictorias.com\/wp-content\/uploads\/2023\/07\/facultad.jpg\" alt=\"facultad\" \/><\/figure><\/div>\t\t\t<\/div>\n\t\t\t\t\t\t\t\t\t\t\t\t<div class=\"elementor-swiper-button elementor-swiper-button-prev\" role=\"button\" tabindex=\"0\">\n\t\t\t\t\t\t<i aria-hidden=\"true\" class=\"eicon-chevron-left\"><\/i>\t\t\t\t\t<\/div>\n\t\t\t\t\t<div class=\"elementor-swiper-button elementor-swiper-button-next\" role=\"button\" tabindex=\"0\">\n\t\t\t\t\t\t<i aria-hidden=\"true\" class=\"eicon-chevron-right\"><\/i>\t\t\t\t\t<\/div>\n\t\t\t\t\n\t\t\t\t\t\t\t\t\t<div class=\"swiper-pagination\"><\/div>\n\t\t\t\t\t\t\t\t\t<\/div>\n\t\t\t\t\t\t<\/div>\n\t\t\t\t<\/div>\n\t\t\t\t\t<\/div>\n\t\t<\/div>\n\t\t\t\t\t<\/div>\n\t\t<\/section>\n\t\t\t\t<section class=\"elementor-section elementor-inner-section elementor-element elementor-element-a76479e indice-des elementor-section-boxed elementor-section-height-default elementor-section-height-default\" data-id=\"a76479e\" data-element_type=\"section\" data-e-type=\"section\">\n\t\t\t\t\t\t<div class=\"elementor-container elementor-column-gap-default\">\n\t\t\t\t\t<div class=\"elementor-column elementor-col-25 elementor-inner-column elementor-element elementor-element-54424a9\" data-id=\"54424a9\" data-element_type=\"column\" data-e-type=\"column\">\n\t\t\t<div class=\"elementor-widget-wrap elementor-element-populated\">\n\t\t\t\t\t\t<div class=\"elementor-element elementor-element-eec74e3 elementor-widget elementor-widget-image\" data-id=\"eec74e3\" data-element_type=\"widget\" data-e-type=\"widget\" data-widget_type=\"image.default\">\n\t\t\t\t<div class=\"elementor-widget-container\">\n\t\t\t\t\t\t\t\t\t\t\t\t\t\t\t<img fetchpriority=\"high\" decoding=\"async\" width=\"800\" height=\"600\" src=\"https:\/\/memoriadelasvictorias.com\/wp-content\/uploads\/2023\/07\/banco2-1.jpg\" class=\"attachment-large size-large wp-image-1671\" alt=\"\" srcset=\"https:\/\/memoriadelasvictorias.com\/wp-content\/uploads\/2023\/07\/banco2-1.jpg 800w, https:\/\/memoriadelasvictorias.com\/wp-content\/uploads\/2023\/07\/banco2-1-300x225.jpg 300w, https:\/\/memoriadelasvictorias.com\/wp-content\/uploads\/2023\/07\/banco2-1-768x576.jpg 768w\" sizes=\"(max-width: 800px) 100vw, 800px\" \/>\t\t\t\t\t\t\t\t\t\t\t\t\t\t\t<\/div>\n\t\t\t\t<\/div>\n\t\t\t\t<div class=\"elementor-element elementor-element-835e667 elementor-widget elementor-widget-heading\" data-id=\"835e667\" data-element_type=\"widget\" data-e-type=\"widget\" data-widget_type=\"heading.default\">\n\t\t\t\t<div class=\"elementor-widget-container\">\n\t\t\t\t\t<h3 class=\"elementor-heading-title elementor-size-default\"><a href=\"https:\/\/memoriadelasvictorias.com\/index.php\/indice\/la-memoria-continua\/volvimos-al-bim\/presentamos-el-proyecto\/\">Presentamos el proyecto\n<\/a><\/h3>\t\t\t\t<\/div>\n\t\t\t\t<\/div>\n\t\t\t\t\t<\/div>\n\t\t<\/div>\n\t\t\t\t<div class=\"elementor-column elementor-col-25 elementor-inner-column elementor-element elementor-element-696cc00\" data-id=\"696cc00\" data-element_type=\"column\" data-e-type=\"column\">\n\t\t\t<div class=\"elementor-widget-wrap elementor-element-populated\">\n\t\t\t\t\t\t<div class=\"elementor-element elementor-element-fda1f42 elementor-widget elementor-widget-image\" data-id=\"fda1f42\" data-element_type=\"widget\" data-e-type=\"widget\" data-widget_type=\"image.default\">\n\t\t\t\t<div class=\"elementor-widget-container\">\n\t\t\t\t\t\t\t\t\t\t\t\t\t\t\t<img decoding=\"async\" width=\"800\" height=\"600\" src=\"https:\/\/memoriadelasvictorias.com\/wp-content\/uploads\/2023\/07\/taller1-6.jpg\" class=\"attachment-large size-large wp-image-1699\" alt=\"\" srcset=\"https:\/\/memoriadelasvictorias.com\/wp-content\/uploads\/2023\/07\/taller1-6.jpg 800w, https:\/\/memoriadelasvictorias.com\/wp-content\/uploads\/2023\/07\/taller1-6-300x225.jpg 300w, https:\/\/memoriadelasvictorias.com\/wp-content\/uploads\/2023\/07\/taller1-6-768x576.jpg 768w\" sizes=\"(max-width: 800px) 100vw, 800px\" \/>\t\t\t\t\t\t\t\t\t\t\t\t\t\t\t<\/div>\n\t\t\t\t<\/div>\n\t\t\t\t<div class=\"elementor-element elementor-element-f72366c elementor-widget elementor-widget-heading\" data-id=\"f72366c\" data-element_type=\"widget\" data-e-type=\"widget\" data-widget_type=\"heading.default\">\n\t\t\t\t<div class=\"elementor-widget-container\">\n\t\t\t\t\t<h3 class=\"elementor-heading-title elementor-size-default\"><a href=\"https:\/\/memoriadelasvictorias.com\/index.php\/indice\/la-memoria-continua\/volvimos-al-bim\/animamos-dos-talleres\/\">Animamos dos talleres<\/a><\/h3>\t\t\t\t<\/div>\n\t\t\t\t<\/div>\n\t\t\t\t\t<\/div>\n\t\t<\/div>\n\t\t\t\t<div class=\"elementor-column elementor-col-25 elementor-inner-column elementor-element elementor-element-d4a9a1b\" data-id=\"d4a9a1b\" data-element_type=\"column\" data-e-type=\"column\">\n\t\t\t<div class=\"elementor-widget-wrap elementor-element-populated\">\n\t\t\t\t\t\t<div class=\"elementor-element elementor-element-4cb0eed elementor-widget elementor-widget-image\" data-id=\"4cb0eed\" data-element_type=\"widget\" data-e-type=\"widget\" data-widget_type=\"image.default\">\n\t\t\t\t<div class=\"elementor-widget-container\">\n\t\t\t\t\t\t\t\t\t\t\t\t\t\t\t<img decoding=\"async\" width=\"800\" height=\"600\" src=\"https:\/\/memoriadelasvictorias.com\/wp-content\/uploads\/2023\/07\/bancos-9.jpg\" class=\"attachment-large size-large wp-image-1740\" alt=\"\" srcset=\"https:\/\/memoriadelasvictorias.com\/wp-content\/uploads\/2023\/07\/bancos-9.jpg 800w, https:\/\/memoriadelasvictorias.com\/wp-content\/uploads\/2023\/07\/bancos-9-300x225.jpg 300w, https:\/\/memoriadelasvictorias.com\/wp-content\/uploads\/2023\/07\/bancos-9-768x576.jpg 768w\" sizes=\"(max-width: 800px) 100vw, 800px\" \/>\t\t\t\t\t\t\t\t\t\t\t\t\t\t\t<\/div>\n\t\t\t\t<\/div>\n\t\t\t\t<div class=\"elementor-element elementor-element-44028fb elementor-widget elementor-widget-heading\" data-id=\"44028fb\" data-element_type=\"widget\" data-e-type=\"widget\" data-widget_type=\"heading.default\">\n\t\t\t\t<div class=\"elementor-widget-container\">\n\t\t\t\t\t<h3 class=\"elementor-heading-title elementor-size-default\"><a href=\"https:\/\/memoriadelasvictorias.com\/index.php\/indice\/la-memoria-continua\/volvimos-al-bim\/hicimos-los-mosaicos\/\">Hicimos los mosaicos\n<\/a><\/h3>\t\t\t\t<\/div>\n\t\t\t\t<\/div>\n\t\t\t\t\t<\/div>\n\t\t<\/div>\n\t\t\t\t<div class=\"elementor-column elementor-col-25 elementor-inner-column elementor-element elementor-element-e221cbd\" data-id=\"e221cbd\" data-element_type=\"column\" data-e-type=\"column\">\n\t\t\t<div class=\"elementor-widget-wrap elementor-element-populated\">\n\t\t\t\t\t\t<div class=\"elementor-element elementor-element-247d5d0 elementor-widget elementor-widget-image\" data-id=\"247d5d0\" data-element_type=\"widget\" data-e-type=\"widget\" data-widget_type=\"image.default\">\n\t\t\t\t<div class=\"elementor-widget-container\">\n\t\t\t\t\t\t\t\t\t\t\t\t\t\t\t<img loading=\"lazy\" decoding=\"async\" width=\"800\" height=\"600\" src=\"https:\/\/memoriadelasvictorias.com\/wp-content\/uploads\/2023\/07\/inauguracion-3.jpg\" class=\"attachment-large size-large wp-image-1748\" alt=\"\" srcset=\"https:\/\/memoriadelasvictorias.com\/wp-content\/uploads\/2023\/07\/inauguracion-3.jpg 800w, https:\/\/memoriadelasvictorias.com\/wp-content\/uploads\/2023\/07\/inauguracion-3-300x225.jpg 300w, https:\/\/memoriadelasvictorias.com\/wp-content\/uploads\/2023\/07\/inauguracion-3-768x576.jpg 768w\" sizes=\"(max-width: 800px) 100vw, 800px\" \/>\t\t\t\t\t\t\t\t\t\t\t\t\t\t\t<\/div>\n\t\t\t\t<\/div>\n\t\t\t\t<div class=\"elementor-element elementor-element-6f58075 elementor-widget elementor-widget-heading\" data-id=\"6f58075\" data-element_type=\"widget\" data-e-type=\"widget\" data-widget_type=\"heading.default\">\n\t\t\t\t<div class=\"elementor-widget-container\">\n\t\t\t\t\t<h3 class=\"elementor-heading-title elementor-size-default\"><a href=\"https:\/\/memoriadelasvictorias.com\/index.php\/indice\/la-memoria-continua\/volvimos-al-bim\/participamos-de-la-inauguracion\/\">Participamos en la inauguraci\u00f3n<\/a><\/h3>\t\t\t\t<\/div>\n\t\t\t\t<\/div>\n\t\t\t\t\t<\/div>\n\t\t<\/div>\n\t\t\t\t\t<\/div>\n\t\t<\/section>\n\t\t\t\t\t<\/div>\n\t\t<\/div>\n\t\t\t\t\t<\/div>\n\t\t<\/section>\n\t\t\t\t<\/div>\n\t\t","protected":false},"excerpt":{"rendered":"<p>Volvimos al BIM En 2016, la Facultad de Psicolog\u00eda emplazada en el predio del ex BIM 3 nos propone un nuevo escenario para construir memoria enlazando historias: las algunxs de lxs miembrxs de Memoria de las Victorias, la de la Facultad, la de la militancia de Berisso y Ensenada durante los a\u00f1os de la Dictadura [&hellip;]<\/p>\n","protected":false},"author":1,"featured_media":0,"parent":140,"menu_order":0,"comment_status":"closed","ping_status":"closed","template":"","meta":{"site-sidebar-layout":"no-sidebar","site-content-layout":"page-builder","ast-site-content-layout":"default","site-content-style":"default","site-sidebar-style":"default","ast-global-header-display":"","ast-banner-title-visibility":"","ast-main-header-display":"","ast-hfb-above-header-display":"","ast-hfb-below-header-display":"","ast-hfb-mobile-header-display":"","site-post-title":"disabled","ast-breadcrumbs-content":"","ast-featured-img":"disabled","footer-sml-layout":"","ast-disable-related-posts":"","theme-transparent-header-meta":"","adv-header-id-meta":"","stick-header-meta":"","header-above-stick-meta":"","header-main-stick-meta":"","header-below-stick-meta":"","astra-migrate-meta-layouts":"default","ast-page-background-enabled":"default","ast-page-background-meta":{"desktop":{"background-color":"var(--ast-global-color-4)","background-image":"","background-repeat":"repeat","background-position":"center center","background-size":"auto","background-attachment":"scroll","background-type":"","background-media":"","overlay-type":"","overlay-color":"","overlay-opacity":"","overlay-gradient":""},"tablet":{"background-color":"","background-image":"","background-repeat":"repeat","background-position":"center center","background-size":"auto","background-attachment":"scroll","background-type":"","background-media":"","overlay-type":"","overlay-color":"","overlay-opacity":"","overlay-gradient":""},"mobile":{"background-color":"","background-image":"","background-repeat":"repeat","background-position":"center center","background-size":"auto","background-attachment":"scroll","background-type":"","background-media":"","overlay-type":"","overlay-color":"","overlay-opacity":"","overlay-gradient":""}},"ast-content-background-meta":{"desktop":{"background-color":"var(--ast-global-color-5)","background-image":"","background-repeat":"repeat","background-position":"center center","background-size":"auto","background-attachment":"scroll","background-type":"","background-media":"","overlay-type":"","overlay-color":"","overlay-opacity":"","overlay-gradient":""},"tablet":{"background-color":"var(--ast-global-color-5)","background-image":"","background-repeat":"repeat","background-position":"center center","background-size":"auto","background-attachment":"scroll","background-type":"","background-media":"","overlay-type":"","overlay-color":"","overlay-opacity":"","overlay-gradient":""},"mobile":{"background-color":"var(--ast-global-color-5)","background-image":"","background-repeat":"repeat","background-position":"center center","background-size":"auto","background-attachment":"scroll","background-type":"","background-media":"","overlay-type":"","overlay-color":"","overlay-opacity":"","overlay-gradient":""}},"footnotes":""},"class_list":["post-1470","page","type-page","status-publish","hentry"],"_links":{"self":[{"href":"https:\/\/memoriadelasvictorias.com\/index.php\/wp-json\/wp\/v2\/pages\/1470","targetHints":{"allow":["GET"]}}],"collection":[{"href":"https:\/\/memoriadelasvictorias.com\/index.php\/wp-json\/wp\/v2\/pages"}],"about":[{"href":"https:\/\/memoriadelasvictorias.com\/index.php\/wp-json\/wp\/v2\/types\/page"}],"author":[{"embeddable":true,"href":"https:\/\/memoriadelasvictorias.com\/index.php\/wp-json\/wp\/v2\/users\/1"}],"replies":[{"embeddable":true,"href":"https:\/\/memoriadelasvictorias.com\/index.php\/wp-json\/wp\/v2\/comments?post=1470"}],"version-history":[{"count":19,"href":"https:\/\/memoriadelasvictorias.com\/index.php\/wp-json\/wp\/v2\/pages\/1470\/revisions"}],"predecessor-version":[{"id":1761,"href":"https:\/\/memoriadelasvictorias.com\/index.php\/wp-json\/wp\/v2\/pages\/1470\/revisions\/1761"}],"up":[{"embeddable":true,"href":"https:\/\/memoriadelasvictorias.com\/index.php\/wp-json\/wp\/v2\/pages\/140"}],"wp:attachment":[{"href":"https:\/\/memoriadelasvictorias.com\/index.php\/wp-json\/wp\/v2\/media?parent=1470"}],"curies":[{"name":"wp","href":"https:\/\/api.w.org\/{rel}","templated":true}]}}